{"id":138,"date":"2021-01-19T20:21:22","date_gmt":"2021-01-19T19:21:22","guid":{"rendered":"http:\/\/artcentrum.org\/?page_id=138"},"modified":"2021-05-04T12:54:06","modified_gmt":"2021-05-04T10:54:06","slug":"wystawa-tworczosci-ludowej-w-mck-sokol-w-nowym-saczu","status":"publish","type":"page","link":"http:\/\/artcentrum.org\/?page_id=138","title":{"rendered":"Wystawa Tw\u00f3rczo\u015bci Ludowej w MCK Sok\u00f3\u0142 w Nowym S\u0105czu"},"content":{"rendered":"<h4 style=\"font-weight: 400; text-align: center;\">Wystawa Tw\u00f3rczo\u015bci Ludowej w Ma\u0142opolskim Centrum Kultury&nbsp;&nbsp;Sok\u00f3\u0142<\/h4>\n<p style=\"font-weight: 400;\">Coroczna Gala Plebiscytu S\u0105deczanina Roku, organizowana przez Fundacj\u0119 Sadeck\u0105 jest okazj\u0105 do zaprezentowania dzie\u0142 tw\u00f3rc\u00f3w ludowych. Imprez\u0105 towarzysz\u0105c\u0105 gali by\u0142 wernisa\u017c wystawy rze\u017aby ludowej. Na wystawie swoje prace&nbsp;&nbsp;prezentowali arty\u015bci: J\u00f3zef Lizo\u0144, Kazimierz Basta, Anna Pado\u0142, Marian M\u00f3\u0142ka, Roman Bielski, Stanis\u0142awa Motyka.<\/p>\n<!-- default-view.php -->\n<div\n\tclass=\"ngg-galleryoverview default-view \"\n\tid=\"ngg-gallery-115de3da975260b4e2606a8200e25212-1\">\n\n\t\t<!-- Thumbnails -->\n\t\t\t\t<div id=\"ngg-image-0\" class=\"ngg-gallery-thumbnail-box \" >\n\t\t\t\t        <div class=\"ngg-gallery-thumbnail\">\n            <a href=\"http:\/\/artcentrum.org\/wp-content\/gallery\/wystawa-tworczosci-ludowej\/Kazimierz-Basta-fot.-SWDiM-.JPG\"\n               title=\"Kazimierz Basta - fot. SWDiM\"\n               data-src=\"http:\/\/artcentrum.org\/wp-content\/gallery\/wystawa-tworczosci-ludowej\/Kazimierz-Basta-fot.-SWDiM-.JPG\"\n               data-thumbnail=\"http:\/\/artcentrum.org\/wp-content\/gallery\/wystawa-tworczosci-ludowej\/thumbs\/thumbs_Kazimierz-Basta-fot.-SWDiM-.JPG\"\n               data-image-id=\"648\"\n               data-title=\"Kazimierz-Basta-fot.-SWDiM-\"\n               data-description=\"Kazimierz Basta - fot. SWDiM\"\n               data-image-slug=\"kazimierz-basta-fot-swdim\"\n               class=\"ngg-simplelightbox\" rel=\"115de3da975260b4e2606a8200e25212\">\n                <img\n                    title=\"Kazimierz-Basta-fot.-SWDiM-\"\n                    alt=\"Kazimierz-Basta-fot.-SWDiM-\"\n                    src=\"http:\/\/artcentrum.org\/wp-content\/gallery\/wystawa-tworczosci-ludowej\/cache\/Kazimierz-Basta-fot.-SWDiM-.JPG-nggid03648-ngg0dyn-160x160x100-00f0w010c011r110f110r010t010.JPG\"\n                    width=\"160\"\n                    height=\"160\"\n                    style=\"max-width:100%;\"\n                \/>\n            <\/a>\n        <\/div>\n\t\t\t\t\t\t\t<\/div> \n\t\t\t\n\t\t\t\t<div id=\"ngg-image-1\" class=\"ngg-gallery-thumbnail-box \" >\n\t\t\t\t        <div class=\"ngg-gallery-thumbnail\">\n            <a href=\"http:\/\/artcentrum.org\/wp-content\/gallery\/wystawa-tworczosci-ludowej\/1_Stanislawa-Motyka.-fot.-SWDiM-.JPG\"\n               title=\"Stanis\u0142aw Motyka - fot. SWDiM\"\n               data-src=\"http:\/\/artcentrum.org\/wp-content\/gallery\/wystawa-tworczosci-ludowej\/1_Stanislawa-Motyka.-fot.-SWDiM-.JPG\"\n               data-thumbnail=\"http:\/\/artcentrum.org\/wp-content\/gallery\/wystawa-tworczosci-ludowej\/thumbs\/thumbs_1_Stanislawa-Motyka.-fot.-SWDiM-.JPG\"\n               data-image-id=\"661\"\n               data-title=\"1_Stanislawa-Motyka.-fot.-SWDiM-\"\n               data-description=\"Stanis\u0142aw Motyka - fot. SWDiM\"\n               data-image-slug=\"1_stanislawa-motyka-fot-swdim\"\n               class=\"ngg-simplelightbox\" rel=\"115de3da975260b4e2606a8200e25212\">\n                <img\n                    title=\"1_Stanislawa-Motyka.-fot.-SWDiM-\"\n                    alt=\"1_Stanislawa-Motyka.-fot.-SWDiM-\"\n                    src=\"http:\/\/artcentrum.org\/wp-content\/gallery\/wystawa-tworczosci-ludowej\/cache\/1_Stanislawa-Motyka.-fot.-SWDiM-.JPG-nggid03661-ngg0dyn-160x160x100-00f0w010c011r110f110r010t010.JPG\"\n                    width=\"160\"\n                    height=\"160\"\n                    style=\"max-width:100%;\"\n                \/>\n            <\/a>\n        <\/div>\n\t\t\t\t\t\t\t<\/div> \n\t\t\t\n\t\t\t\t<div id=\"ngg-image-2\" class=\"ngg-gallery-thumbnail-box \" >\n\t\t\t\t        <div class=\"ngg-gallery-thumbnail\">\n            <a href=\"http:\/\/artcentrum.org\/wp-content\/gallery\/wystawa-tworczosci-ludowej\/R.Bielski-J.Lizon-fot.-SWDiM.JPG\"\n               title=\"Roman Bielski, J\u00f3zef Lizo\u0144 - fot. SWDiM\"\n               data-src=\"http:\/\/artcentrum.org\/wp-content\/gallery\/wystawa-tworczosci-ludowej\/R.Bielski-J.Lizon-fot.-SWDiM.JPG\"\n               data-thumbnail=\"http:\/\/artcentrum.org\/wp-content\/gallery\/wystawa-tworczosci-ludowej\/thumbs\/thumbs_R.Bielski-J.Lizon-fot.-SWDiM.JPG\"\n               data-image-id=\"660\"\n               data-title=\"R.Bielski-J.Lizon-fot.-SWDiM\"\n               data-description=\"Roman Bielski, J\u00f3zef Lizo\u0144 - fot. SWDiM\"\n               data-image-slug=\"r-bielski-j-lizon-fot-swdim-1\"\n               class=\"ngg-simplelightbox\" rel=\"115de3da975260b4e2606a8200e25212\">\n                <img\n                    title=\"R.Bielski-J.Lizon-fot.-SWDiM\"\n                    alt=\"R.Bielski-J.Lizon-fot.-SWDiM\"\n                    src=\"http:\/\/artcentrum.org\/wp-content\/gallery\/wystawa-tworczosci-ludowej\/cache\/R.Bielski-J.Lizon-fot.-SWDiM.JPG-nggid03660-ngg0dyn-160x160x100-00f0w010c011r110f110r010t010.JPG\"\n                    width=\"160\"\n                    height=\"160\"\n                    style=\"max-width:100%;\"\n                \/>\n            <\/a>\n        <\/div>\n\t\t\t\t\t\t\t<\/div> \n\t\t\t\n\t\t\t\t<div id=\"ngg-image-3\" class=\"ngg-gallery-thumbnail-box \" >\n\t\t\t\t        <div class=\"ngg-gallery-thumbnail\">\n            <a href=\"http:\/\/artcentrum.org\/wp-content\/gallery\/wystawa-tworczosci-ludowej\/Roman-Bielski-Jezus-Frasobliwy-fot.-SWDiM.JPG\"\n               title=\"Roman Bielski - &quot;Jezus Frasobliwy&quot; - fot. SWDiM\"\n               data-src=\"http:\/\/artcentrum.org\/wp-content\/gallery\/wystawa-tworczosci-ludowej\/Roman-Bielski-Jezus-Frasobliwy-fot.-SWDiM.JPG\"\n               data-thumbnail=\"http:\/\/artcentrum.org\/wp-content\/gallery\/wystawa-tworczosci-ludowej\/thumbs\/thumbs_Roman-Bielski-Jezus-Frasobliwy-fot.-SWDiM.JPG\"\n               data-image-id=\"659\"\n               data-title=\"Roman-Bielski-Jezus-Frasobliwy-fot.-SWDiM\"\n               data-description=\"Roman Bielski - &quot;Jezus Frasobliwy&quot; - fot. SWDiM\"\n               data-image-slug=\"roman-bielski-jezus-frasobliwy-fot-swdim\"\n               class=\"ngg-simplelightbox\" rel=\"115de3da975260b4e2606a8200e25212\">\n                <img\n                    title=\"Roman-Bielski-Jezus-Frasobliwy-fot.-SWDiM\"\n                    alt=\"Roman-Bielski-Jezus-Frasobliwy-fot.-SWDiM\"\n                    src=\"http:\/\/artcentrum.org\/wp-content\/gallery\/wystawa-tworczosci-ludowej\/cache\/Roman-Bielski-Jezus-Frasobliwy-fot.-SWDiM.JPG-nggid03659-ngg0dyn-160x160x100-00f0w010c011r110f110r010t010.JPG\"\n                    width=\"160\"\n                    height=\"160\"\n                    style=\"max-width:100%;\"\n                \/>\n            <\/a>\n        <\/div>\n\t\t\t\t\t\t\t<\/div> \n\t\t\t\n\t\t\t\t<div id=\"ngg-image-4\" class=\"ngg-gallery-thumbnail-box \" >\n\t\t\t\t        <div class=\"ngg-gallery-thumbnail\">\n            <a href=\"http:\/\/artcentrum.org\/wp-content\/gallery\/wystawa-tworczosci-ludowej\/M.Molka_.-fot.-SWDiM-.JPG\"\n               title=\"Marian M\u00f3\u0142ka - fot. SWDiM\"\n               data-src=\"http:\/\/artcentrum.org\/wp-content\/gallery\/wystawa-tworczosci-ludowej\/M.Molka_.-fot.-SWDiM-.JPG\"\n               data-thumbnail=\"http:\/\/artcentrum.org\/wp-content\/gallery\/wystawa-tworczosci-ludowej\/thumbs\/thumbs_M.Molka_.-fot.-SWDiM-.JPG\"\n               data-image-id=\"658\"\n               data-title=\"M.Molka_.-fot.-SWDiM-\"\n               data-description=\"Marian M\u00f3\u0142ka - fot. SWDiM\"\n               data-image-slug=\"m-molka_-fot-swdim\"\n               class=\"ngg-simplelightbox\" rel=\"115de3da975260b4e2606a8200e25212\">\n                <img\n                    title=\"M.Molka_.-fot.-SWDiM-\"\n                    alt=\"M.Molka_.-fot.-SWDiM-\"\n                    src=\"http:\/\/artcentrum.org\/wp-content\/gallery\/wystawa-tworczosci-ludowej\/cache\/M.Molka_.-fot.-SWDiM-.JPG-nggid03658-ngg0dyn-160x160x100-00f0w010c011r110f110r010t010.JPG\"\n                    width=\"160\"\n                    height=\"160\"\n                    style=\"max-width:100%;\"\n                \/>\n            <\/a>\n        <\/div>\n\t\t\t\t\t\t\t<\/div> \n\t\t\t\n\t\t\t\t<div id=\"ngg-image-5\" class=\"ngg-gallery-thumbnail-box \" >\n\t\t\t\t        <div class=\"ngg-gallery-thumbnail\">\n            <a href=\"http:\/\/artcentrum.org\/wp-content\/gallery\/wystawa-tworczosci-ludowej\/Stanislawa-Motyka.-fot.-SWDiM-.JPG\"\n               title=\"Stanis\u0142awa M\u00f3\u0142ka - fot. SWDiM\"\n               data-src=\"http:\/\/artcentrum.org\/wp-content\/gallery\/wystawa-tworczosci-ludowej\/Stanislawa-Motyka.-fot.-SWDiM-.JPG\"\n               data-thumbnail=\"http:\/\/artcentrum.org\/wp-content\/gallery\/wystawa-tworczosci-ludowej\/thumbs\/thumbs_Stanislawa-Motyka.-fot.-SWDiM-.JPG\"\n               data-image-id=\"657\"\n               data-title=\"Stanislawa-Motyka.-fot.-SWDiM-\"\n               data-description=\"Stanis\u0142awa M\u00f3\u0142ka - fot. SWDiM\"\n               data-image-slug=\"stanislawa-motyka-fot-swdim\"\n               class=\"ngg-simplelightbox\" rel=\"115de3da975260b4e2606a8200e25212\">\n                <img\n                    title=\"Stanislawa-Motyka.-fot.-SWDiM-\"\n                    alt=\"Stanislawa-Motyka.-fot.-SWDiM-\"\n                    src=\"http:\/\/artcentrum.org\/wp-content\/gallery\/wystawa-tworczosci-ludowej\/cache\/Stanislawa-Motyka.-fot.-SWDiM-.JPG-nggid03657-ngg0dyn-160x160x100-00f0w010c011r110f110r010t010.JPG\"\n                    width=\"160\"\n                    height=\"160\"\n                    style=\"max-width:100%;\"\n                \/>\n            <\/a>\n        <\/div>\n\t\t\t\t\t\t\t<\/div> \n\t\t\t\n\t\t\t\t<div id=\"ngg-image-6\" class=\"ngg-gallery-thumbnail-box \" >\n\t\t\t\t        <div class=\"ngg-gallery-thumbnail\">\n            <a href=\"http:\/\/artcentrum.org\/wp-content\/gallery\/wystawa-tworczosci-ludowej\/R.-Bielski-J.Lizon-fot.-SWDiM.JPG\"\n               title=\"Roman Bielski, J\u00f3zef Lizo\u0144 - fot. SWDiM\"\n               data-src=\"http:\/\/artcentrum.org\/wp-content\/gallery\/wystawa-tworczosci-ludowej\/R.-Bielski-J.Lizon-fot.-SWDiM.JPG\"\n               data-thumbnail=\"http:\/\/artcentrum.org\/wp-content\/gallery\/wystawa-tworczosci-ludowej\/thumbs\/thumbs_R.-Bielski-J.Lizon-fot.-SWDiM.JPG\"\n               data-image-id=\"656\"\n               data-title=\"R.-Bielski-J.Lizon-fot.-SWDiM\"\n               data-description=\"Roman Bielski, J\u00f3zef Lizo\u0144 - fot. SWDiM\"\n               data-image-slug=\"r-bielski-j-lizon-fot-swdim\"\n               class=\"ngg-simplelightbox\" rel=\"115de3da975260b4e2606a8200e25212\">\n                <img\n                    title=\"R.-Bielski-J.Lizon-fot.-SWDiM\"\n                    alt=\"R.-Bielski-J.Lizon-fot.-SWDiM\"\n                    src=\"http:\/\/artcentrum.org\/wp-content\/gallery\/wystawa-tworczosci-ludowej\/cache\/R.-Bielski-J.Lizon-fot.-SWDiM.JPG-nggid03656-ngg0dyn-160x160x100-00f0w010c011r110f110r010t010.JPG\"\n                    width=\"160\"\n                    height=\"160\"\n                    style=\"max-width:100%;\"\n                \/>\n            <\/a>\n        <\/div>\n\t\t\t\t\t\t\t<\/div> \n\t\t\t\n\t\t\t\t<div id=\"ngg-image-7\" class=\"ngg-gallery-thumbnail-box \" >\n\t\t\t\t        <div class=\"ngg-gallery-thumbnail\">\n            <a href=\"http:\/\/artcentrum.org\/wp-content\/gallery\/wystawa-tworczosci-ludowej\/Marian-Molka-fot.-SWDiM-.JPG\"\n               title=\"Marian M\u00f3\u0142ka - fot. SWDiM\"\n               data-src=\"http:\/\/artcentrum.org\/wp-content\/gallery\/wystawa-tworczosci-ludowej\/Marian-Molka-fot.-SWDiM-.JPG\"\n               data-thumbnail=\"http:\/\/artcentrum.org\/wp-content\/gallery\/wystawa-tworczosci-ludowej\/thumbs\/thumbs_Marian-Molka-fot.-SWDiM-.JPG\"\n               data-image-id=\"655\"\n               data-title=\"Marian-Molka-fot.-SWDiM-\"\n               data-description=\"Marian M\u00f3\u0142ka - fot. SWDiM\"\n               data-image-slug=\"marian-molka-fot-swdim\"\n               class=\"ngg-simplelightbox\" rel=\"115de3da975260b4e2606a8200e25212\">\n                <img\n                    title=\"Marian-Molka-fot.-SWDiM-\"\n                    alt=\"Marian-Molka-fot.-SWDiM-\"\n                    src=\"http:\/\/artcentrum.org\/wp-content\/gallery\/wystawa-tworczosci-ludowej\/cache\/Marian-Molka-fot.-SWDiM-.JPG-nggid03655-ngg0dyn-160x160x100-00f0w010c011r110f110r010t010.JPG\"\n                    width=\"160\"\n                    height=\"160\"\n                    style=\"max-width:100%;\"\n                \/>\n            <\/a>\n        <\/div>\n\t\t\t\t\t\t\t<\/div> \n\t\t\t\n\t\t\t\t<div id=\"ngg-image-8\" class=\"ngg-gallery-thumbnail-box \" >\n\t\t\t\t        <div class=\"ngg-gallery-thumbnail\">\n            <a href=\"http:\/\/artcentrum.org\/wp-content\/gallery\/wystawa-tworczosci-ludowej\/M.-Molka.-fot.-SWDiM-.JPG\"\n               title=\"Marian M\u00f3\u0142ka - fot. SWDiM\"\n               data-src=\"http:\/\/artcentrum.org\/wp-content\/gallery\/wystawa-tworczosci-ludowej\/M.-Molka.-fot.-SWDiM-.JPG\"\n               data-thumbnail=\"http:\/\/artcentrum.org\/wp-content\/gallery\/wystawa-tworczosci-ludowej\/thumbs\/thumbs_M.-Molka.-fot.-SWDiM-.JPG\"\n               data-image-id=\"653\"\n               data-title=\"M.-Molka.-fot.-SWDiM-\"\n               data-description=\"Marian M\u00f3\u0142ka - fot. SWDiM\"\n               data-image-slug=\"m-molka-fot-swdim\"\n               class=\"ngg-simplelightbox\" rel=\"115de3da975260b4e2606a8200e25212\">\n                <img\n                    title=\"M.-Molka.-fot.-SWDiM-\"\n                    alt=\"M.-Molka.-fot.-SWDiM-\"\n                    src=\"http:\/\/artcentrum.org\/wp-content\/gallery\/wystawa-tworczosci-ludowej\/cache\/M.-Molka.-fot.-SWDiM-.JPG-nggid03653-ngg0dyn-160x160x100-00f0w010c011r110f110r010t010.JPG\"\n                    width=\"160\"\n                    height=\"160\"\n                    style=\"max-width:100%;\"\n                \/>\n            <\/a>\n        <\/div>\n\t\t\t\t\t\t\t<\/div> \n\t\t\t\n\t\t\t\t<div id=\"ngg-image-9\" class=\"ngg-gallery-thumbnail-box \" >\n\t\t\t\t        <div class=\"ngg-gallery-thumbnail\">\n            <a href=\"http:\/\/artcentrum.org\/wp-content\/gallery\/wystawa-tworczosci-ludowej\/2_Kazimierz-Basta-fot.-SWDiM.JPG\"\n               title=\"Kazimierz Basta - fot. SWDiM\"\n               data-src=\"http:\/\/artcentrum.org\/wp-content\/gallery\/wystawa-tworczosci-ludowej\/2_Kazimierz-Basta-fot.-SWDiM.JPG\"\n               data-thumbnail=\"http:\/\/artcentrum.org\/wp-content\/gallery\/wystawa-tworczosci-ludowej\/thumbs\/thumbs_2_Kazimierz-Basta-fot.-SWDiM.JPG\"\n               data-image-id=\"652\"\n               data-title=\"2_Kazimierz-Basta-fot.-SWDiM\"\n               data-description=\"Kazimierz Basta - fot. SWDiM\"\n               data-image-slug=\"2_kazimierz-basta-fot-swdim\"\n               class=\"ngg-simplelightbox\" rel=\"115de3da975260b4e2606a8200e25212\">\n                <img\n                    title=\"2_Kazimierz-Basta-fot.-SWDiM\"\n                    alt=\"2_Kazimierz-Basta-fot.-SWDiM\"\n                    src=\"http:\/\/artcentrum.org\/wp-content\/gallery\/wystawa-tworczosci-ludowej\/cache\/2_Kazimierz-Basta-fot.-SWDiM.JPG-nggid03652-ngg0dyn-160x160x100-00f0w010c011r110f110r010t010.JPG\"\n                    width=\"160\"\n                    height=\"160\"\n                    style=\"max-width:100%;\"\n                \/>\n            <\/a>\n        <\/div>\n\t\t\t\t\t\t\t<\/div> \n\t\t\t\n\t\t\t\t<div id=\"ngg-image-10\" class=\"ngg-gallery-thumbnail-box \" >\n\t\t\t\t        <div class=\"ngg-gallery-thumbnail\">\n            <a href=\"http:\/\/artcentrum.org\/wp-content\/gallery\/wystawa-tworczosci-ludowej\/1_Kazimierz-Basta-fot.-SWDiM.JPG\"\n               title=\"Kazimierz Basta - fot. SWDiM\"\n               data-src=\"http:\/\/artcentrum.org\/wp-content\/gallery\/wystawa-tworczosci-ludowej\/1_Kazimierz-Basta-fot.-SWDiM.JPG\"\n               data-thumbnail=\"http:\/\/artcentrum.org\/wp-content\/gallery\/wystawa-tworczosci-ludowej\/thumbs\/thumbs_1_Kazimierz-Basta-fot.-SWDiM.JPG\"\n               data-image-id=\"651\"\n               data-title=\"1_Kazimierz-Basta-fot.-SWDiM\"\n               data-description=\"Kazimierz Basta - fot. SWDiM\"\n               data-image-slug=\"1_kazimierz-basta-fot-swdim-1\"\n               class=\"ngg-simplelightbox\" rel=\"115de3da975260b4e2606a8200e25212\">\n                <img\n                    title=\"1_Kazimierz-Basta-fot.-SWDiM\"\n                    alt=\"1_Kazimierz-Basta-fot.-SWDiM\"\n                    src=\"http:\/\/artcentrum.org\/wp-content\/gallery\/wystawa-tworczosci-ludowej\/cache\/1_Kazimierz-Basta-fot.-SWDiM.JPG-nggid03651-ngg0dyn-160x160x100-00f0w010c011r110f110r010t010.JPG\"\n                    width=\"160\"\n                    height=\"160\"\n                    style=\"max-width:100%;\"\n                \/>\n            <\/a>\n        <\/div>\n\t\t\t\t\t\t\t<\/div> \n\t\t\t\n\t\t\t\t<div id=\"ngg-image-11\" class=\"ngg-gallery-thumbnail-box \" >\n\t\t\t\t        <div class=\"ngg-gallery-thumbnail\">\n            <a href=\"http:\/\/artcentrum.org\/wp-content\/gallery\/wystawa-tworczosci-ludowej\/1_Kazimierz-Basta-fot.-SWDiM-.JPG\"\n               title=\"Kazimierz Basta - fot. SWDiM\"\n               data-src=\"http:\/\/artcentrum.org\/wp-content\/gallery\/wystawa-tworczosci-ludowej\/1_Kazimierz-Basta-fot.-SWDiM-.JPG\"\n               data-thumbnail=\"http:\/\/artcentrum.org\/wp-content\/gallery\/wystawa-tworczosci-ludowej\/thumbs\/thumbs_1_Kazimierz-Basta-fot.-SWDiM-.JPG\"\n               data-image-id=\"649\"\n               data-title=\"1_Kazimierz-Basta-fot.-SWDiM-\"\n               data-description=\"Kazimierz Basta - fot. SWDiM\"\n               data-image-slug=\"1_kazimierz-basta-fot-swdim\"\n               class=\"ngg-simplelightbox\" rel=\"115de3da975260b4e2606a8200e25212\">\n                <img\n                    title=\"1_Kazimierz-Basta-fot.-SWDiM-\"\n                    alt=\"1_Kazimierz-Basta-fot.-SWDiM-\"\n                    src=\"http:\/\/artcentrum.org\/wp-content\/gallery\/wystawa-tworczosci-ludowej\/cache\/1_Kazimierz-Basta-fot.-SWDiM-.JPG-nggid03649-ngg0dyn-160x160x100-00f0w010c011r110f110r010t010.JPG\"\n                    width=\"160\"\n                    height=\"160\"\n                    style=\"max-width:100%;\"\n                \/>\n            <\/a>\n        <\/div>\n\t\t\t\t\t\t\t<\/div> \n\t\t\t\n\t\t\t\t<div id=\"ngg-image-12\" class=\"ngg-gallery-thumbnail-box \" >\n\t\t\t\t        <div class=\"ngg-gallery-thumbnail\">\n            <a href=\"http:\/\/artcentrum.org\/wp-content\/gallery\/wystawa-tworczosci-ludowej\/Anna-Padol-Dobry-Pasterz-fot.-SWDiM.JPG\"\n               title=\"Anna Pado\u0142 - &quot;Dobry Pasterz&quot; - fot. SWDiM\"\n               data-src=\"http:\/\/artcentrum.org\/wp-content\/gallery\/wystawa-tworczosci-ludowej\/Anna-Padol-Dobry-Pasterz-fot.-SWDiM.JPG\"\n               data-thumbnail=\"http:\/\/artcentrum.org\/wp-content\/gallery\/wystawa-tworczosci-ludowej\/thumbs\/thumbs_Anna-Padol-Dobry-Pasterz-fot.-SWDiM.JPG\"\n               data-image-id=\"636\"\n               data-title=\"Anna-Padol-Dobry-Pasterz-fot.-SWDiM\"\n               data-description=\"Anna Pado\u0142 - &quot;Dobry Pasterz&quot; - fot. SWDiM\"\n               data-image-slug=\"anna-padol-dobry-pasterz-fot-swdim\"\n               class=\"ngg-simplelightbox\" rel=\"115de3da975260b4e2606a8200e25212\">\n                <img\n                    title=\"Anna-Padol-Dobry-Pasterz-fot.-SWDiM\"\n                    alt=\"Anna-Padol-Dobry-Pasterz-fot.-SWDiM\"\n                    src=\"http:\/\/artcentrum.org\/wp-content\/gallery\/wystawa-tworczosci-ludowej\/cache\/Anna-Padol-Dobry-Pasterz-fot.-SWDiM.JPG-nggid03636-ngg0dyn-160x160x100-00f0w010c011r110f110r010t010.JPG\"\n                    width=\"160\"\n                    height=\"160\"\n                    style=\"max-width:100%;\"\n                \/>\n            <\/a>\n        <\/div>\n\t\t\t\t\t\t\t<\/div> \n\t\t\t\n\t\t\t\t<div id=\"ngg-image-13\" class=\"ngg-gallery-thumbnail-box \" >\n\t\t\t\t        <div class=\"ngg-gallery-thumbnail\">\n            <a href=\"http:\/\/artcentrum.org\/wp-content\/gallery\/wystawa-tworczosci-ludowej\/K.-Basta-fot.-SWDiM.JPG\"\n               title=\"Kazimierz Basta - fot. SWDiM\"\n               data-src=\"http:\/\/artcentrum.org\/wp-content\/gallery\/wystawa-tworczosci-ludowej\/K.-Basta-fot.-SWDiM.JPG\"\n               data-thumbnail=\"http:\/\/artcentrum.org\/wp-content\/gallery\/wystawa-tworczosci-ludowej\/thumbs\/thumbs_K.-Basta-fot.-SWDiM.JPG\"\n               data-image-id=\"647\"\n               data-title=\"K.-Basta-fot.-SWDiM\"\n               data-description=\"Kazimierz Basta - fot. SWDiM\"\n               data-image-slug=\"k-basta-fot-swdim-1\"\n               class=\"ngg-simplelightbox\" rel=\"115de3da975260b4e2606a8200e25212\">\n                <img\n                    title=\"K.-Basta-fot.-SWDiM\"\n                    alt=\"K.-Basta-fot.-SWDiM\"\n                    src=\"http:\/\/artcentrum.org\/wp-content\/gallery\/wystawa-tworczosci-ludowej\/cache\/K.-Basta-fot.-SWDiM.JPG-nggid03647-ngg0dyn-160x160x100-00f0w010c011r110f110r010t010.JPG\"\n                    width=\"160\"\n                    height=\"160\"\n                    style=\"max-width:100%;\"\n                \/>\n            <\/a>\n        <\/div>\n\t\t\t\t\t\t\t<\/div> \n\t\t\t\n\t\t\t\t<div id=\"ngg-image-14\" class=\"ngg-gallery-thumbnail-box \" >\n\t\t\t\t        <div class=\"ngg-gallery-thumbnail\">\n            <a href=\"http:\/\/artcentrum.org\/wp-content\/gallery\/wystawa-tworczosci-ludowej\/K.Basta-fot.-SWDiM.JPG\"\n               title=\"Kazimierz Basta - fot. SWDiM\"\n               data-src=\"http:\/\/artcentrum.org\/wp-content\/gallery\/wystawa-tworczosci-ludowej\/K.Basta-fot.-SWDiM.JPG\"\n               data-thumbnail=\"http:\/\/artcentrum.org\/wp-content\/gallery\/wystawa-tworczosci-ludowej\/thumbs\/thumbs_K.Basta-fot.-SWDiM.JPG\"\n               data-image-id=\"646\"\n               data-title=\"K.Basta-fot.-SWDiM\"\n               data-description=\"Kazimierz Basta - fot. SWDiM\"\n               data-image-slug=\"k-basta-fot-swdim\"\n               class=\"ngg-simplelightbox\" rel=\"115de3da975260b4e2606a8200e25212\">\n                <img\n                    title=\"K.Basta-fot.-SWDiM\"\n                    alt=\"K.Basta-fot.-SWDiM\"\n                    src=\"http:\/\/artcentrum.org\/wp-content\/gallery\/wystawa-tworczosci-ludowej\/cache\/K.Basta-fot.-SWDiM.JPG-nggid03646-ngg0dyn-160x160x100-00f0w010c011r110f110r010t010.JPG\"\n                    width=\"160\"\n                    height=\"160\"\n                    style=\"max-width:100%;\"\n                \/>\n            <\/a>\n        <\/div>\n\t\t\t\t\t\t\t<\/div> \n\t\t\t\n\t\t\t\t<div id=\"ngg-image-15\" class=\"ngg-gallery-thumbnail-box \" >\n\t\t\t\t        <div class=\"ngg-gallery-thumbnail\">\n            <a href=\"http:\/\/artcentrum.org\/wp-content\/gallery\/wystawa-tworczosci-ludowej\/Jozef-Lizon-zdjecie-z-krzyza-plaskorzezba.-fot.-SWDiM-.JPG\"\n               title=\"J\u00f3zef Lizo\u0144 - &quot;Zdj\u0119cie z krzy\u017ca&quot; p\u0142askorze\u017aba - fot. SWDiM\"\n               data-src=\"http:\/\/artcentrum.org\/wp-content\/gallery\/wystawa-tworczosci-ludowej\/Jozef-Lizon-zdjecie-z-krzyza-plaskorzezba.-fot.-SWDiM-.JPG\"\n               data-thumbnail=\"http:\/\/artcentrum.org\/wp-content\/gallery\/wystawa-tworczosci-ludowej\/thumbs\/thumbs_Jozef-Lizon-zdjecie-z-krzyza-plaskorzezba.-fot.-SWDiM-.JPG\"\n               data-image-id=\"645\"\n               data-title=\"Jozef-Lizon-zdjecie-z-krzyza-plaskorzezba.-fot.-SWDiM-\"\n               data-description=\"J\u00f3zef Lizo\u0144 - &quot;Zdj\u0119cie z krzy\u017ca&quot; p\u0142askorze\u017aba - fot. SWDiM\"\n               data-image-slug=\"jozef-lizon-zdjecie-z-krzyza-plaskorzezba-fot-swdim\"\n               class=\"ngg-simplelightbox\" rel=\"115de3da975260b4e2606a8200e25212\">\n                <img\n                    title=\"Jozef-Lizon-zdjecie-z-krzyza-plaskorzezba.-fot.-SWDiM-\"\n                    alt=\"Jozef-Lizon-zdjecie-z-krzyza-plaskorzezba.-fot.-SWDiM-\"\n                    src=\"http:\/\/artcentrum.org\/wp-content\/gallery\/wystawa-tworczosci-ludowej\/cache\/Jozef-Lizon-zdjecie-z-krzyza-plaskorzezba.-fot.-SWDiM-.JPG-nggid03645-ngg0dyn-160x160x100-00f0w010c011r110f110r010t010.JPG\"\n                    width=\"160\"\n                    height=\"160\"\n                    style=\"max-width:100%;\"\n                \/>\n            <\/a>\n        <\/div>\n\t\t\t\t\t\t\t<\/div> \n\t\t\t\n\t\t\t\t<div id=\"ngg-image-16\" class=\"ngg-gallery-thumbnail-box \" >\n\t\t\t\t        <div class=\"ngg-gallery-thumbnail\">\n            <a href=\"http:\/\/artcentrum.org\/wp-content\/gallery\/wystawa-tworczosci-ludowej\/Jozef-Lizon-plaskorzezba.-fot.SWDiM_.JPG\"\n               title=\"J\u00f3zef Lizo\u0144 - p\u0142askorze\u017aba -  fot. SWDiM\"\n               data-src=\"http:\/\/artcentrum.org\/wp-content\/gallery\/wystawa-tworczosci-ludowej\/Jozef-Lizon-plaskorzezba.-fot.SWDiM_.JPG\"\n               data-thumbnail=\"http:\/\/artcentrum.org\/wp-content\/gallery\/wystawa-tworczosci-ludowej\/thumbs\/thumbs_Jozef-Lizon-plaskorzezba.-fot.SWDiM_.JPG\"\n               data-image-id=\"644\"\n               data-title=\"Jozef-Lizon-plaskorzezba.-fot.SWDiM_\"\n               data-description=\"J\u00f3zef Lizo\u0144 - p\u0142askorze\u017aba -  fot. SWDiM\"\n               data-image-slug=\"jozef-lizon-plaskorzezba-fot-swdim_\"\n               class=\"ngg-simplelightbox\" rel=\"115de3da975260b4e2606a8200e25212\">\n                <img\n                    title=\"Jozef-Lizon-plaskorzezba.-fot.SWDiM_\"\n                    alt=\"Jozef-Lizon-plaskorzezba.-fot.SWDiM_\"\n                    src=\"http:\/\/artcentrum.org\/wp-content\/gallery\/wystawa-tworczosci-ludowej\/cache\/Jozef-Lizon-plaskorzezba.-fot.SWDiM_.JPG-nggid03644-ngg0dyn-160x160x100-00f0w010c011r110f110r010t010.JPG\"\n                    width=\"160\"\n                    height=\"160\"\n                    style=\"max-width:100%;\"\n                \/>\n            <\/a>\n        <\/div>\n\t\t\t\t\t\t\t<\/div> \n\t\t\t\n\t\t\t\t<div id=\"ngg-image-17\" class=\"ngg-gallery-thumbnail-box \" >\n\t\t\t\t        <div class=\"ngg-gallery-thumbnail\">\n            <a href=\"http:\/\/artcentrum.org\/wp-content\/gallery\/wystawa-tworczosci-ludowej\/1_Jozef-Lizon.-fot.-SWDiM-.JPG\"\n               title=\"J\u00f3zef Lizo\u0144 - fot. SWDiM\"\n               data-src=\"http:\/\/artcentrum.org\/wp-content\/gallery\/wystawa-tworczosci-ludowej\/1_Jozef-Lizon.-fot.-SWDiM-.JPG\"\n               data-thumbnail=\"http:\/\/artcentrum.org\/wp-content\/gallery\/wystawa-tworczosci-ludowej\/thumbs\/thumbs_1_Jozef-Lizon.-fot.-SWDiM-.JPG\"\n               data-image-id=\"643\"\n               data-title=\"1_Jozef-Lizon.-fot.-SWDiM-\"\n               data-description=\"J\u00f3zef Lizo\u0144 - fot. SWDiM\"\n               data-image-slug=\"1_jozef-lizon-fot-swdim-1\"\n               class=\"ngg-simplelightbox\" rel=\"115de3da975260b4e2606a8200e25212\">\n                <img\n                    title=\"1_Jozef-Lizon.-fot.-SWDiM-\"\n                    alt=\"1_Jozef-Lizon.-fot.-SWDiM-\"\n                    src=\"http:\/\/artcentrum.org\/wp-content\/gallery\/wystawa-tworczosci-ludowej\/cache\/1_Jozef-Lizon.-fot.-SWDiM-.JPG-nggid03643-ngg0dyn-160x160x100-00f0w010c011r110f110r010t010.JPG\"\n                    width=\"160\"\n                    height=\"160\"\n                    style=\"max-width:100%;\"\n                \/>\n            <\/a>\n        <\/div>\n\t\t\t\t\t\t\t<\/div> \n\t\t\t\n\t\t\t\t<div id=\"ngg-image-18\" class=\"ngg-gallery-thumbnail-box \" >\n\t\t\t\t        <div class=\"ngg-gallery-thumbnail\">\n            <a href=\"http:\/\/artcentrum.org\/wp-content\/gallery\/wystawa-tworczosci-ludowej\/Jozef-Lizon.-fot.-SWDiM-.JPG\"\n               title=\"J\u00f3zef Lizo\u0144 - fot. SWDiM\"\n               data-src=\"http:\/\/artcentrum.org\/wp-content\/gallery\/wystawa-tworczosci-ludowej\/Jozef-Lizon.-fot.-SWDiM-.JPG\"\n               data-thumbnail=\"http:\/\/artcentrum.org\/wp-content\/gallery\/wystawa-tworczosci-ludowej\/thumbs\/thumbs_Jozef-Lizon.-fot.-SWDiM-.JPG\"\n               data-image-id=\"642\"\n               data-title=\"Jozef-Lizon.-fot.-SWDiM-\"\n               data-description=\"J\u00f3zef Lizo\u0144 - fot. SWDiM\"\n               data-image-slug=\"jozef-lizon-fot-swdim-2\"\n               class=\"ngg-simplelightbox\" rel=\"115de3da975260b4e2606a8200e25212\">\n                <img\n                    title=\"Jozef-Lizon.-fot.-SWDiM-\"\n                    alt=\"Jozef-Lizon.-fot.-SWDiM-\"\n                    src=\"http:\/\/artcentrum.org\/wp-content\/gallery\/wystawa-tworczosci-ludowej\/cache\/Jozef-Lizon.-fot.-SWDiM-.JPG-nggid03642-ngg0dyn-160x160x100-00f0w010c011r110f110r010t010.JPG\"\n                    width=\"160\"\n                    height=\"160\"\n                    style=\"max-width:100%;\"\n                \/>\n            <\/a>\n        <\/div>\n\t\t\t\t\t\t\t<\/div> \n\t\t\t\n\t\t\t\t<div id=\"ngg-image-19\" class=\"ngg-gallery-thumbnail-box \" >\n\t\t\t\t        <div class=\"ngg-gallery-thumbnail\">\n            <a href=\"http:\/\/artcentrum.org\/wp-content\/gallery\/wystawa-tworczosci-ludowej\/1_Jozef-Lizon.-fot-SWDiM-.JPG\"\n               title=\"J\u00f3zef Lizo\u0144 - fot. SWDiM\"\n               data-src=\"http:\/\/artcentrum.org\/wp-content\/gallery\/wystawa-tworczosci-ludowej\/1_Jozef-Lizon.-fot-SWDiM-.JPG\"\n               data-thumbnail=\"http:\/\/artcentrum.org\/wp-content\/gallery\/wystawa-tworczosci-ludowej\/thumbs\/thumbs_1_Jozef-Lizon.-fot-SWDiM-.JPG\"\n               data-image-id=\"641\"\n               data-title=\"1_Jozef-Lizon.-fot-SWDiM-\"\n               data-description=\"J\u00f3zef Lizo\u0144 - fot. SWDiM\"\n               data-image-slug=\"1_jozef-lizon-fot-swdim\"\n               class=\"ngg-simplelightbox\" rel=\"115de3da975260b4e2606a8200e25212\">\n                <img\n                    title=\"1_Jozef-Lizon.-fot-SWDiM-\"\n                    alt=\"1_Jozef-Lizon.-fot-SWDiM-\"\n                    src=\"http:\/\/artcentrum.org\/wp-content\/gallery\/wystawa-tworczosci-ludowej\/cache\/1_Jozef-Lizon.-fot-SWDiM-.JPG-nggid03641-ngg0dyn-160x160x100-00f0w010c011r110f110r010t010.JPG\"\n                    width=\"160\"\n                    height=\"160\"\n                    style=\"max-width:100%;\"\n                \/>\n            <\/a>\n        <\/div>\n\t\t\t\t\t\t\t<\/div> \n\t\t\t\n\t\t\t\t<div id=\"ngg-image-20\" class=\"ngg-gallery-thumbnail-box \" >\n\t\t\t\t        <div class=\"ngg-gallery-thumbnail\">\n            <a href=\"http:\/\/artcentrum.org\/wp-content\/gallery\/wystawa-tworczosci-ludowej\/Jozef-Lizon-fot.SWDiM_.JPG\"\n               title=\"J\u00f3zef Lizo\u0144 - fot. SWDiM\"\n               data-src=\"http:\/\/artcentrum.org\/wp-content\/gallery\/wystawa-tworczosci-ludowej\/Jozef-Lizon-fot.SWDiM_.JPG\"\n               data-thumbnail=\"http:\/\/artcentrum.org\/wp-content\/gallery\/wystawa-tworczosci-ludowej\/thumbs\/thumbs_Jozef-Lizon-fot.SWDiM_.JPG\"\n               data-image-id=\"639\"\n               data-title=\"Jozef-Lizon-fot.SWDiM_\"\n               data-description=\"J\u00f3zef Lizo\u0144 - fot. SWDiM\"\n               data-image-slug=\"jozef-lizon-fot-swdim_\"\n               class=\"ngg-simplelightbox\" rel=\"115de3da975260b4e2606a8200e25212\">\n                <img\n                    title=\"Jozef-Lizon-fot.SWDiM_\"\n                    alt=\"Jozef-Lizon-fot.SWDiM_\"\n                    src=\"http:\/\/artcentrum.org\/wp-content\/gallery\/wystawa-tworczosci-ludowej\/cache\/Jozef-Lizon-fot.SWDiM_.JPG-nggid03639-ngg0dyn-160x160x100-00f0w010c011r110f110r010t010.JPG\"\n                    width=\"160\"\n                    height=\"160\"\n                    style=\"max-width:100%;\"\n                \/>\n            <\/a>\n        <\/div>\n\t\t\t\t\t\t\t<\/div> \n\t\t\t\n\t\t\t\t<div id=\"ngg-image-21\" class=\"ngg-gallery-thumbnail-box \" >\n\t\t\t\t        <div class=\"ngg-gallery-thumbnail\">\n            <a href=\"http:\/\/artcentrum.org\/wp-content\/gallery\/wystawa-tworczosci-ludowej\/Jozef-Lizon-Matka-Boska-Czestochowska-fot.-SWDiM-.JPG\"\n               title=\"J\u00f3zef Lizo\u0144 - &quot;Matka Boska Cz\u0119stochowska&quot; - fot. SWDiM\"\n               data-src=\"http:\/\/artcentrum.org\/wp-content\/gallery\/wystawa-tworczosci-ludowej\/Jozef-Lizon-Matka-Boska-Czestochowska-fot.-SWDiM-.JPG\"\n               data-thumbnail=\"http:\/\/artcentrum.org\/wp-content\/gallery\/wystawa-tworczosci-ludowej\/thumbs\/thumbs_Jozef-Lizon-Matka-Boska-Czestochowska-fot.-SWDiM-.JPG\"\n               data-image-id=\"638\"\n               data-title=\"Jozef-Lizon-Matka-Boska-Czestochowska-fot.-SWDiM-\"\n               data-description=\"J\u00f3zef Lizo\u0144 - &quot;Matka Boska Cz\u0119stochowska&quot; - fot. SWDiM\"\n               data-image-slug=\"jozef-lizon-matka-boska-czestochowska-fot-swdim\"\n               class=\"ngg-simplelightbox\" rel=\"115de3da975260b4e2606a8200e25212\">\n                <img\n                    title=\"Jozef-Lizon-Matka-Boska-Czestochowska-fot.-SWDiM-\"\n                    alt=\"Jozef-Lizon-Matka-Boska-Czestochowska-fot.-SWDiM-\"\n                    src=\"http:\/\/artcentrum.org\/wp-content\/gallery\/wystawa-tworczosci-ludowej\/cache\/Jozef-Lizon-Matka-Boska-Czestochowska-fot.-SWDiM-.JPG-nggid03638-ngg0dyn-160x160x100-00f0w010c011r110f110r010t010.JPG\"\n                    width=\"160\"\n                    height=\"160\"\n                    style=\"max-width:100%;\"\n                \/>\n            <\/a>\n        <\/div>\n\t\t\t\t\t\t\t<\/div> \n\t\t\t\n\t\t\t\t<div id=\"ngg-image-22\" class=\"ngg-gallery-thumbnail-box \" >\n\t\t\t\t        <div class=\"ngg-gallery-thumbnail\">\n            <a href=\"http:\/\/artcentrum.org\/wp-content\/gallery\/wystawa-tworczosci-ludowej\/Jozef-Lizon-fot-SWDiM-.JPG\"\n               title=\"J\u00f3zef Lizo\u0144 - fot. SWDiM\"\n               data-src=\"http:\/\/artcentrum.org\/wp-content\/gallery\/wystawa-tworczosci-ludowej\/Jozef-Lizon-fot-SWDiM-.JPG\"\n               data-thumbnail=\"http:\/\/artcentrum.org\/wp-content\/gallery\/wystawa-tworczosci-ludowej\/thumbs\/thumbs_Jozef-Lizon-fot-SWDiM-.JPG\"\n               data-image-id=\"637\"\n               data-title=\"Jozef-Lizon-fot-SWDiM-\"\n               data-description=\"J\u00f3zef Lizo\u0144 - fot. SWDiM\"\n               data-image-slug=\"jozef-lizon-fot-swdim\"\n               class=\"ngg-simplelightbox\" rel=\"115de3da975260b4e2606a8200e25212\">\n                <img\n                    title=\"Jozef-Lizon-fot-SWDiM-\"\n                    alt=\"Jozef-Lizon-fot-SWDiM-\"\n                    src=\"http:\/\/artcentrum.org\/wp-content\/gallery\/wystawa-tworczosci-ludowej\/cache\/Jozef-Lizon-fot-SWDiM-.JPG-nggid03637-ngg0dyn-160x160x100-00f0w010c011r110f110r010t010.JPG\"\n                    width=\"160\"\n                    height=\"160\"\n                    style=\"max-width:100%;\"\n                \/>\n            <\/a>\n        <\/div>\n\t\t\t\t\t\t\t<\/div> \n\t\t\t\n\t\n\t<br style=\"clear: both\" \/>\n\n\t\n\t\t<!-- Pagination -->\n\t<div class='ngg-clear'><\/div>\t<\/div>\n\n","protected":false},"excerpt":{"rendered":"<p>Wystawa Tw\u00f3rczo\u015bci Ludowej w Ma\u0142opolskim Centrum Kultury&nbsp;&nbsp;Sok\u00f3\u0142 Coroczna Gala Plebiscytu S\u0105deczanina Roku, organizowana przez Fundacj\u0119 Sadeck\u0105 jest okazj\u0105 do zaprezentowania dzie\u0142 tw\u00f3rc\u00f3w ludowych. Imprez\u0105 towarzysz\u0105c\u0105 gali by\u0142 wernisa\u017c wystawy rze\u017aby ludowej. Na wystawie swoje prace&nbsp;&nbsp;prezentowali arty\u015bci: J\u00f3zef Lizo\u0144, Kazimierz Basta, Anna Pado\u0142, Marian M\u00f3\u0142ka, Roman Bielski, Stanis\u0142awa Motyka.<\/p>\n","protected":false},"author":1,"featured_media":0,"parent":0,"menu_order":0,"comment_status":"closed","ping_status":"closed","template":"","meta":{"ngg_post_thumbnail":0},"_links":{"self":[{"href":"http:\/\/artcentrum.org\/index.php?rest_route=\/wp\/v2\/pages\/138"}],"collection":[{"href":"http:\/\/artcentrum.org\/index.php?rest_route=\/wp\/v2\/pages"}],"about":[{"href":"http:\/\/artcentrum.org\/index.php?rest_route=\/wp\/v2\/types\/page"}],"author":[{"embeddable":true,"href":"http:\/\/artcentrum.org\/index.php?rest_route=\/wp\/v2\/users\/1"}],"replies":[{"embeddable":true,"href":"http:\/\/artcentrum.org\/index.php?rest_route=%2Fwp%2Fv2%2Fcomments&post=138"}],"version-history":[{"count":3,"href":"http:\/\/artcentrum.org\/index.php?rest_route=\/wp\/v2\/pages\/138\/revisions"}],"predecessor-version":[{"id":1447,"href":"http:\/\/artcentrum.org\/index.php?rest_route=\/wp\/v2\/pages\/138\/revisions\/1447"}],"wp:attachment":[{"href":"http:\/\/artcentrum.org\/index.php?rest_route=%2Fwp%2Fv2%2Fmedia&parent=138"}],"curies":[{"name":"wp","href":"https:\/\/api.w.org\/{rel}","templated":true}]}}