{"id":134,"date":"2021-01-19T20:19:48","date_gmt":"2021-01-19T19:19:48","guid":{"rendered":"http:\/\/artcentrum.org\/?page_id=134"},"modified":"2021-05-04T14:01:15","modified_gmt":"2021-05-04T12:01:15","slug":"spotkania","status":"publish","type":"page","link":"http:\/\/artcentrum.org\/?page_id=134","title":{"rendered":"Spotkanie z wiceministrem Kultury i Dziedzictwa Narodowego Jaros\u0142awem Sellinem"},"content":{"rendered":"<p style=\"font-weight: 400;\">W 2018r. podczas&nbsp;&nbsp;wizyty na&nbsp;&nbsp;ziemi marcinowickiej Minister Jaros\u0142aw Selin odwiedzi\u0142 miejsca kultury Naszej Ma\u0142ej Ojczyzny: Dw\u00f3r Morawskich, Regionaln\u0105 Izb\u0119 Pami\u0119ci, Regionalne Muzeum Parafialne.&nbsp;&nbsp;Odda\u0142 ho\u0142d i z\u0142o\u017cy\u0142 kwiaty pod pomnikami historii: na Cmentarzu Legionist\u00f3w Pi\u0142sudskiego, pod pomnikami ofiar Katynia i Smole\u0144ska. Odwiedzi\u0142 skwerek Jana Karskiego, Kaplic\u0119 Dworsk\u0105 z pocz\u0105tku XX wieku. Uczestniczy\u0142 we Mszy \u015awi\u0119tej w intencji Ojczyzny oraz spotka\u0142 si\u0119 w Domu Parafialnym im. Ks. Jerzego Popie\u0142uszki z mieszka\u0144cami regionu&nbsp;&nbsp;w ramach cyklu spotka\u0144 \u201ePolska jest jedna\u201d. By\u0142 to bardzo wa\u017cny dzie\u0144 dla tw\u00f3rc\u00f3w ludowych z kt\u00f3rymi r\u00f3wnie\u017c spotka\u0142 si\u0119 minister i podziwia ich dzie\u0142a. Na pami\u0105tk\u0119 pobytu w Marcinkowicach tw\u00f3rcy wr\u0119czyli ministrowi obraz malarstwa na szkle Heleny Kufty przedstawiaj\u0105cy Matk\u0119 Bosk\u0105<\/p>\n<p style=\"font-weight: 400;\">&nbsp;<\/p>\n<!-- default-view.php -->\n<div\n\tclass=\"ngg-galleryoverview default-view \"\n\tid=\"ngg-gallery-e0c2569963dd07290c036fac79410859-1\">\n\n\t\t<!-- Thumbnails -->\n\t\t\t\t<div id=\"ngg-image-0\" class=\"ngg-gallery-thumbnail-box \" >\n\t\t\t\t        <div class=\"ngg-gallery-thumbnail\">\n            <a href=\"http:\/\/artcentrum.org\/wp-content\/gallery\/spotkania\/IMG_1935.JPG\"\n               title=\"\"\n               data-src=\"http:\/\/artcentrum.org\/wp-content\/gallery\/spotkania\/IMG_1935.JPG\"\n               data-thumbnail=\"http:\/\/artcentrum.org\/wp-content\/gallery\/spotkania\/thumbs\/thumbs_IMG_1935.JPG\"\n               data-image-id=\"243\"\n               data-title=\"IMG_1935\"\n               data-description=\"\"\n               data-image-slug=\"img_1935\"\n               class=\"ngg-simplelightbox\" rel=\"e0c2569963dd07290c036fac79410859\">\n                <img\n                    title=\"IMG_1935\"\n                    alt=\"IMG_1935\"\n                    src=\"http:\/\/artcentrum.org\/wp-content\/gallery\/spotkania\/cache\/IMG_1935.JPG-nggid03243-ngg0dyn-160x160x100-00f0w010c011r110f110r010t010.JPG\"\n                    width=\"160\"\n                    height=\"160\"\n                    style=\"max-width:100%;\"\n                \/>\n            <\/a>\n        <\/div>\n\t\t\t\t\t\t\t<\/div> \n\t\t\t\n\t\t\t\t<div id=\"ngg-image-1\" class=\"ngg-gallery-thumbnail-box \" >\n\t\t\t\t        <div class=\"ngg-gallery-thumbnail\">\n            <a href=\"http:\/\/artcentrum.org\/wp-content\/gallery\/spotkania\/IMG_1936.JPG\"\n               title=\"\"\n               data-src=\"http:\/\/artcentrum.org\/wp-content\/gallery\/spotkania\/IMG_1936.JPG\"\n               data-thumbnail=\"http:\/\/artcentrum.org\/wp-content\/gallery\/spotkania\/thumbs\/thumbs_IMG_1936.JPG\"\n               data-image-id=\"244\"\n               data-title=\"IMG_1936\"\n               data-description=\"\"\n               data-image-slug=\"img_1936\"\n               class=\"ngg-simplelightbox\" rel=\"e0c2569963dd07290c036fac79410859\">\n                <img\n                    title=\"IMG_1936\"\n                    alt=\"IMG_1936\"\n                    src=\"http:\/\/artcentrum.org\/wp-content\/gallery\/spotkania\/cache\/IMG_1936.JPG-nggid03244-ngg0dyn-160x160x100-00f0w010c011r110f110r010t010.JPG\"\n                    width=\"160\"\n                    height=\"160\"\n                    style=\"max-width:100%;\"\n                \/>\n            <\/a>\n        <\/div>\n\t\t\t\t\t\t\t<\/div> \n\t\t\t\n\t\t\t\t<div id=\"ngg-image-2\" class=\"ngg-gallery-thumbnail-box \" >\n\t\t\t\t        <div class=\"ngg-gallery-thumbnail\">\n            <a href=\"http:\/\/artcentrum.org\/wp-content\/gallery\/spotkania\/IMG_1866.JPG\"\n               title=\"\"\n               data-src=\"http:\/\/artcentrum.org\/wp-content\/gallery\/spotkania\/IMG_1866.JPG\"\n               data-thumbnail=\"http:\/\/artcentrum.org\/wp-content\/gallery\/spotkania\/thumbs\/thumbs_IMG_1866.JPG\"\n               data-image-id=\"245\"\n               data-title=\"IMG_1866\"\n               data-description=\"\"\n               data-image-slug=\"img_1866\"\n               class=\"ngg-simplelightbox\" rel=\"e0c2569963dd07290c036fac79410859\">\n                <img\n                    title=\"IMG_1866\"\n                    alt=\"IMG_1866\"\n                    src=\"http:\/\/artcentrum.org\/wp-content\/gallery\/spotkania\/cache\/IMG_1866.JPG-nggid03245-ngg0dyn-160x160x100-00f0w010c011r110f110r010t010.JPG\"\n                    width=\"160\"\n                    height=\"160\"\n                    style=\"max-width:100%;\"\n                \/>\n            <\/a>\n        <\/div>\n\t\t\t\t\t\t\t<\/div> \n\t\t\t\n\t\t\t\t<div id=\"ngg-image-3\" class=\"ngg-gallery-thumbnail-box \" >\n\t\t\t\t        <div class=\"ngg-gallery-thumbnail\">\n            <a href=\"http:\/\/artcentrum.org\/wp-content\/gallery\/spotkania\/IMG_1943.JPG\"\n               title=\"\"\n               data-src=\"http:\/\/artcentrum.org\/wp-content\/gallery\/spotkania\/IMG_1943.JPG\"\n               data-thumbnail=\"http:\/\/artcentrum.org\/wp-content\/gallery\/spotkania\/thumbs\/thumbs_IMG_1943.JPG\"\n               data-image-id=\"246\"\n               data-title=\"IMG_1943\"\n               data-description=\"\"\n               data-image-slug=\"img_1943\"\n               class=\"ngg-simplelightbox\" rel=\"e0c2569963dd07290c036fac79410859\">\n                <img\n                    title=\"IMG_1943\"\n                    alt=\"IMG_1943\"\n                    src=\"http:\/\/artcentrum.org\/wp-content\/gallery\/spotkania\/cache\/IMG_1943.JPG-nggid03246-ngg0dyn-160x160x100-00f0w010c011r110f110r010t010.JPG\"\n                    width=\"160\"\n                    height=\"160\"\n                    style=\"max-width:100%;\"\n                \/>\n            <\/a>\n        <\/div>\n\t\t\t\t\t\t\t<\/div> \n\t\t\t\n\t\t\t\t<div id=\"ngg-image-4\" class=\"ngg-gallery-thumbnail-box \" >\n\t\t\t\t        <div class=\"ngg-gallery-thumbnail\">\n            <a href=\"http:\/\/artcentrum.org\/wp-content\/gallery\/spotkania\/IMG_1946.JPG\"\n               title=\"\"\n               data-src=\"http:\/\/artcentrum.org\/wp-content\/gallery\/spotkania\/IMG_1946.JPG\"\n               data-thumbnail=\"http:\/\/artcentrum.org\/wp-content\/gallery\/spotkania\/thumbs\/thumbs_IMG_1946.JPG\"\n               data-image-id=\"247\"\n               data-title=\"IMG_1946\"\n               data-description=\"\"\n               data-image-slug=\"img_1946\"\n               class=\"ngg-simplelightbox\" rel=\"e0c2569963dd07290c036fac79410859\">\n                <img\n                    title=\"IMG_1946\"\n                    alt=\"IMG_1946\"\n                    src=\"http:\/\/artcentrum.org\/wp-content\/gallery\/spotkania\/cache\/IMG_1946.JPG-nggid03247-ngg0dyn-160x160x100-00f0w010c011r110f110r010t010.JPG\"\n                    width=\"160\"\n                    height=\"160\"\n                    style=\"max-width:100%;\"\n                \/>\n            <\/a>\n        <\/div>\n\t\t\t\t\t\t\t<\/div> \n\t\t\t\n\t\t\t\t<div id=\"ngg-image-5\" class=\"ngg-gallery-thumbnail-box \" >\n\t\t\t\t        <div class=\"ngg-gallery-thumbnail\">\n            <a href=\"http:\/\/artcentrum.org\/wp-content\/gallery\/spotkania\/IMG_1944.JPG\"\n               title=\"\"\n               data-src=\"http:\/\/artcentrum.org\/wp-content\/gallery\/spotkania\/IMG_1944.JPG\"\n               data-thumbnail=\"http:\/\/artcentrum.org\/wp-content\/gallery\/spotkania\/thumbs\/thumbs_IMG_1944.JPG\"\n               data-image-id=\"248\"\n               data-title=\"IMG_1944\"\n               data-description=\"\"\n               data-image-slug=\"img_1944\"\n               class=\"ngg-simplelightbox\" rel=\"e0c2569963dd07290c036fac79410859\">\n                <img\n                    title=\"IMG_1944\"\n                    alt=\"IMG_1944\"\n                    src=\"http:\/\/artcentrum.org\/wp-content\/gallery\/spotkania\/cache\/IMG_1944.JPG-nggid03248-ngg0dyn-160x160x100-00f0w010c011r110f110r010t010.JPG\"\n                    width=\"160\"\n                    height=\"160\"\n                    style=\"max-width:100%;\"\n                \/>\n            <\/a>\n        <\/div>\n\t\t\t\t\t\t\t<\/div> \n\t\t\t\n\t\n\t<br style=\"clear: both\" \/>\n\n\t\n\t\t<!-- Pagination -->\n\t<div class='ngg-clear'><\/div>\t<\/div>\n\n","protected":false},"excerpt":{"rendered":"<p>W 2018r. podczas&nbsp;&nbsp;wizyty na&nbsp;&nbsp;ziemi marcinowickiej Minister Jaros\u0142aw Selin odwiedzi\u0142 miejsca kultury Naszej Ma\u0142ej Ojczyzny: Dw\u00f3r Morawskich, Regionaln\u0105 Izb\u0119 Pami\u0119ci, Regionalne Muzeum Parafialne.&nbsp;&nbsp;Odda\u0142 ho\u0142d i z\u0142o\u017cy\u0142 kwiaty pod pomnikami historii: na Cmentarzu Legionist\u00f3w Pi\u0142sudskiego, pod pomnikami ofiar Katynia i Smole\u0144ska. Odwiedzi\u0142 skwerek Jana Karskiego, Kaplic\u0119 Dworsk\u0105 z pocz\u0105tku XX wieku. Uczestniczy\u0142 we Mszy \u015awi\u0119tej w intencji [&hellip;]<\/p>\n","protected":false},"author":1,"featured_media":0,"parent":0,"menu_order":0,"comment_status":"closed","ping_status":"closed","template":"","meta":{"ngg_post_thumbnail":0},"_links":{"self":[{"href":"http:\/\/artcentrum.org\/index.php?rest_route=\/wp\/v2\/pages\/134"}],"collection":[{"href":"http:\/\/artcentrum.org\/index.php?rest_route=\/wp\/v2\/pages"}],"about":[{"href":"http:\/\/artcentrum.org\/index.php?rest_route=\/wp\/v2\/types\/page"}],"author":[{"embeddable":true,"href":"http:\/\/artcentrum.org\/index.php?rest_route=\/wp\/v2\/users\/1"}],"replies":[{"embeddable":true,"href":"http:\/\/artcentrum.org\/index.php?rest_route=%2Fwp%2Fv2%2Fcomments&post=134"}],"version-history":[{"count":7,"href":"http:\/\/artcentrum.org\/index.php?rest_route=\/wp\/v2\/pages\/134\/revisions"}],"predecessor-version":[{"id":1479,"href":"http:\/\/artcentrum.org\/index.php?rest_route=\/wp\/v2\/pages\/134\/revisions\/1479"}],"wp:attachment":[{"href":"http:\/\/artcentrum.org\/index.php?rest_route=%2Fwp%2Fv2%2Fmedia&parent=134"}],"curies":[{"name":"wp","href":"https:\/\/api.w.org\/{rel}","templated":true}]}}