{"id":130,"date":"2021-01-19T20:18:46","date_gmt":"2021-01-19T19:18:46","guid":{"rendered":"http:\/\/artcentrum.org\/?page_id=130"},"modified":"2021-05-04T13:58:55","modified_gmt":"2021-05-04T11:58:55","slug":"helena-kufta-malarstwo-na-szkle","status":"publish","type":"page","link":"http:\/\/artcentrum.org\/?page_id=130","title":{"rendered":"Helena Kufta \u2013 malarstwo na szkle"},"content":{"rendered":"<h4 style=\"text-align: center;\"><strong>Wystawa: Malarstwo i haft \u2013 pokoleniowe inspiracje tw\u00f3rcze Heleny Kufty. <\/strong><strong>Dw\u00f3r Morawskich w Marcinkowicach.<\/strong><\/h4>\r\n<p style=\"font-weight: 400;\">Helena Kufta urodzi\u0142a si\u0119 w&nbsp;&nbsp;1958r. w Nowym S\u0105czu. Swoje miejsce na ziemi znalaz\u0142a w Pi\u0105tkowej ko\u0142o Nowego S\u0105cza, gdzie zakochana w kulturze ludowej, tworzy pi\u0119kne dzie\u0142a artystyczne. Rzecz by mo\u017cna kobieta renesansu w kulturze ludowej. Haftuje, wykonuje koronk\u0119 klockow\u0105 i maluje na szkle. Przygod\u0119 z haftem ludowym rozpocz\u0119\u0142a w wieku 17 lat. Wiedze o hafcie otrzyma\u0142a od pani haftuj\u0105cej stroje dla Zespo\u0142u Ludowego Pie\u015bni i Ta\u0144ca Mazowsze. Po zdobyciu warsztatu hafciarstwa wieku 19 lat rozpocz\u0119\u0142a haftowanie stroj\u00f3w ludowych dla Regionalnego Zespo\u0142u Pie\u015bni i Ta\u0144ca Lachy oraz innych zespo\u0142\u00f3w regionalnych. Po wyj\u015bciu za m\u0105\u017c, opiekuj\u0105c si\u0119 dzie\u0107mi haftowa\u0142a pi\u0119kne obrusy i serwety. Kiedy dzieci usamodzielni\u0142y&nbsp;&nbsp;Helena powr\u00f3ci\u0142a do tw\u00f3rczo\u015bci ludowej, rzec by mo\u017cna na pe\u0142nym etacie.<\/p>\r\n<p style=\"font-weight: 400;\">HelenaKufta to r\u00f3wnie\u017c koronczarka. Pobieraj\u0105c lekcje&nbsp;&nbsp;w szkole koronkarskiej w Bobowej \u2013 centrum koronki klockowej, u El\u017cbiety Kowalskiejnauczy\u0142a si\u0119 wyrabia\u0107 koronk\u0119 klockow\u0105.<\/p>\r\n<p style=\"font-weight: 400;\">Ostatnie 10 lat tw\u00f3rczo\u015bci to malarstwo na szkle. Helena Kufta&nbsp;&nbsp;g\u0142\u00f3wnie maluje \u015awi\u0119te Kobiety. Madonny artystki rozpoznawane s\u0105 w ca\u0142ej Polsce a nawet i za granic\u0105. Jej prac\u0119&nbsp;&nbsp;doceni\u0142&nbsp;&nbsp;Marian Pokropek<a href=\"https:\/\/pl.wikipedia.org\/wiki\/Etnografia\">etnograf<\/a>&nbsp;polski, profesor dr hab., pracownik&nbsp;<a href=\"https:\/\/pl.wikipedia.org\/wiki\/IEiAK_UW\">Instytutu Etnologii i Antropologii Kulturowej<\/a><a href=\"https:\/\/pl.wikipedia.org\/wiki\/Uniwersytet_Warszawski\">Uniwersytetu Warszawskiego<\/a>, za\u0142o\u017cyciel&nbsp;<a href=\"https:\/\/pl.wikipedia.org\/wiki\/Muzeum_Polskiej_Sztuki_Ludowej\">Muzeum Polskiej Sztuki Ludowej<\/a>&nbsp;w&nbsp;<a href=\"https:\/\/pl.wikipedia.org\/wiki\/Otr%C4%99busy\">Otr\u0119busach<\/a>, kt\u00f3ry poszerzy\u0142 sta\u0142\u0105 wystaw\u0119 w muzeum o malarstwo Heleny Kufty.<\/p>\r\n<p style=\"font-weight: 400;\">Pasja do sztuki ludowej nie przeszkadza Helenie na anga\u017cowanie si\u0119 w dzia\u0142alno\u015bc spo\u0142eczn\u0105 i charytatywn\u0105. Jest cz\u0142onkiem&nbsp;&nbsp;Towarzystwa Przyjaci\u00f3\u0142 Sztuk Pi\u0119knych w Nowym S\u0105czu, Stowarzyszenia Tw\u00f3rc\u00f3w Ludowych w Lublinie, Stowarzyszenia Tw\u00f3rc\u00f3w Nieprofesjonalnych w Nowym S\u0105czu, Spo\u0142eczno \u2013 Kulturalnego Towarzystwa \u201eS\u0105deczanin\u201d. W stowarzyszeniach dzia\u0142a na rzecz rozwoju kultury oraz pomocy innym.&nbsp;&nbsp;<\/p>\r\n<p style=\"font-weight: 400;\">Swoje prace przekazuje na wiele akcji charytatywnych, z kt\u00f3rych doch\u00f3d przeznaczany jest na rzecz pomocy innym, szczeg\u00f3lnie dzieci.<\/p>\r\n<p style=\"font-weight: 400;\">Artystka to r\u00f3wnie\u017c ambasadorka malarstwa na szkle. T\u0105 charakterystyczn\u0105 dla Lach\u00f3w Sadeckich sztuk\u0119 ludow\u0105 promuje uczestnicz\u0105c w licznych wystawach oraz przegl\u0105dach tw\u00f3rczo\u015bci ludowej w kraju i za granic\u0105.<\/p>\r\n<p style=\"font-weight: 400;\">W swojej karierze artystycznej podczas licznych warsztat\u00f3w jako Mistrz wykszta\u0142ci\u0142a wielu&nbsp;&nbsp;Artyst\u00f3w. Warsztaty prowadzi\u0142a m.in. w:&nbsp;&nbsp;Krakwie, Wroc\u0142awiu, Lublinie,&nbsp;&nbsp;Nowy Targu, w skansenie w Wygie\u0142zowie, w&nbsp;&nbsp;Paszynie, Pi\u0105tkowej, Mogilnie, Marcinkowicach, w Starym S\u0105czu (podczas Zjazdu S\u0105deczan \u2013 najwi\u0119kszego wydarzenia kultury regionalnej w regionie, na kt\u00f3ry zje\u017cd\u017caj\u0105 S\u0105deczanie rozsiani po ca\u0142ym swiecie), w miasteczku Galicyjskim w Nowym S\u0105czu.<\/p>\r\n<p style=\"font-weight: 400;\">W roku 2018 szkoli\u0142a uczni\u00f3w&nbsp;&nbsp;w ramach programu finansowanego przez Ministerstwo Kultury i Dziedzictwa Narodowego pn. Mistrz Tradycji.<\/p>\r\n<p style=\"font-weight: 400;\">Za swoj\u0105 dzia\u0142alno\u015bci artystyczn\u0105 by\u0142a wielokrotnie nagradzana, zdobywaj\u0105c czo\u0142owe miejsca w konkursach i przegl\u0105dach.&nbsp;Za ca\u0142okszta\u0142t pracy zosta\u0142a w 2010r. wyr\u00f3\u017cniona nagrod\u0105 Ministra Kultury i Dziedzictwa Narodowego. Rok p\u00f3\u017aniej otrzyma\u0142a nagrod\u0119 Starosty Nowos\u0105deckiego. W 2013 roku nominowana do nagrody SKT S\u0105deczanin.<\/p>\r\n<p style=\"font-weight: 400;\">Helena Kufta wykonuje r\u00f3wnie\u017c plastyk\u0119 obrz\u0119dow\u0105. Bierze czynny udzia\u0142 w targach sztuki ludowej w Muzeum Etnograficznym w Warszawie.<\/p>\r\n<h4 style=\"text-align: center;\">Dw\u00f3r Morawskich w Marcinkowicach<\/h4>\r\n<div class=\"\" dir=\"auto\">\r\n<div id=\"jsc_c_281\" class=\"ecm0bbzt hv4rvrfc ihqw7lf3 dati1w0a\">\r\n<div class=\"j83agx80 cbu4d94t ew0dbk1b irj2b8pg\">\r\n<div class=\"qzhwtbm6 knvmm38d\">\r\n<div class=\"kvgmc6g5 cxmmr5t8 oygrvhab hcukyx3x c1et5uql ii04i59q\">\r\n<div dir=\"auto\">Przeje\u017cd\u017caj\u0105c przez Marcinkowice drog\u0105 z Nowego S\u0105cza do Limanowej, wzrok uwa\u017cnego obserwatora przekuje usytuowany na niewielkim wzg\u00f3rzu, wy\u0142aniaj\u0105cy si\u0119 spo\u015br\u00f3d drzew, bia\u0142y budynek dworu, dawnej ziemia\u0144skiej siedziby. Ze wzgl\u0119du na sw\u0105 okaza\u0142o\u015b\u0107 nazywany przez mieszka\u0144c\u00f3w \u201epa\u0142acem\u201d.<\/div>\r\n<div dir=\"auto\">Wprost do dworu prowadzi aleja, obsadzona dostojnymi drzewami, kt\u00f3re wiosn\u0105 obsypuj\u0105 si\u0119 p\u0105kami, latem szumi\u0105 zielonymi li\u015b\u0107mi, jesieni\u0105 mieni\u0105 si\u0119 r\u00f3\u017cnymi barwami, a zim\u0105 pozwalaj\u0105 si\u0119 okry\u0107 bia\u0142ym puchem, aby tak doczeka\u0107 kolejnej wiosny.<\/div>\r\n<div dir=\"auto\">Do samego pa\u0142acu prowadz\u0105 dwuskrzyd\u0142owe drzwi, kt\u00f3re jakby lekko przestraszone chowaj\u0105 si\u0119 pod balkonem, kt\u00f3ry podtrzymuj\u0105 cztery smuk\u0142e kolumny. Stoj\u0105 tam niczym stra\u017c przednia, kt\u00f3ra ma za zadanie strzec wej\u015bcia do domu. Przechodz\u0105c, na ty\u0142 budynku, oczom widza ukazuje nieco okaleczona wie\u017ca, gdy\u017c w przesz\u0142o\u015bci zerwano z niej szczyt i dlatego dzi\u015b tak nie\u015bmia\u0142o spogl\u0105da na turyst\u00f3w. Obok zawstydzonej wie\u017cy mo\u017cna dostrzec drugi balkon, zawieszony nad dawnym wyj\u015bciem do ogrodu, kt\u00f3ry podtrzymuj\u0105 nie cztery, ale dwie kolumny.<\/div>\r\n<div dir=\"auto\">Historia tej niegdy\u015b szlacheckiej siedziby rozpoczyna si\u0119 w XVIII w. Jej budowniczymi byli Antoni i Teresa Paszycowie. Obecny wygl\u0105d dw\u00f3r uzyska\u0142 podczas przebudowy dokonanej w drugiej po\u0142owie XIX w. przez kolejnego w\u0142a\u015bciciela Adama Marasse. W 1891 r. do \u201epa\u0142acu\u201d wprowadzi\u0142 si\u0119 nowy w\u0142a\u015bciciel przemys\u0142owiec Albert Fauck wraz ze swoj\u0105 rodzin\u0105. Fauck by\u0142 w\u0142a\u015bcicielem kopalni ropy naftowej w Kl\u0119czanach, wynalazc\u0105 nowej metody odwiertniczej i wsp\u00f3\u0142pracownikiem Ignacego \u0141ukasiewicza. Za jego czas\u00f3w rozegra\u0142a si\u0119 s\u0142ynna bitwa pod Marcinkowicami i tu go\u015bci\u0142 J\u00f3zef Pi\u0142sudski ze swoimi legionistami. Po jego \u015bmierci maj\u0105tek przeszed\u0142 na kr\u00f3tki czas w r\u0119ce \u017byda Wolfa Gelbe. Po nim dw\u00f3r sta\u0142 si\u0119 w\u0142asno\u015bci\u0105 Stanis\u0142awa i Olgi z Sikorskich Morawskich h. D\u0105browa, kt\u00f3rzy przybyli z niedalekiego Ro\u017cnowa. Wraz z rodzin\u0105 do dworu wprowadzi\u0142 si\u0119 ojciec Stanis\u0142awa, powstaniec styczniowy, ostatni \u017cuaw papieski, poeta i historyk Adam Morawski. Nowi w\u0142a\u015bciciele za\u0142o\u017cyli w dworze s\u0142ynne w\u00f3wczas \u201eLetnisko Marcinkowice\u201d, kt\u00f3re przyci\u0105ga\u0142o ka\u017cdego roku wielu go\u015bci z Polski i z zagranicy. W tym okresie dw\u00f3r r\u00f3wnie\u017c odwiedzi\u0142 marsza\u0142ek J\u00f3zef Pi\u0142sudski oraz marsza\u0142ek Edward Rydz \u015amig\u0142y.<\/div>\r\n<div dir=\"auto\">Ziemia\u0144ska historia \u201epa\u0142acu\u201d zako\u0144czy\u0142a si\u0119 wraz z nadej\u015bciem w\u0142adzy komunistycznej. Po wojnie ziemi\u0119 rozparcelowano, a dw\u00f3r z parkiem przekazano \u017be\u0144skiej Szkole Rolniczej. Ostatni gruntowny remont \u201epa\u0142acu\u201d zosta\u0142 przeprowadzony w latach 2010 i 2019, dzi\u0119ki staraniom \u00f3wczesnej dyrektor szko\u0142y Alicji W\u0105sowicz. Obecnie w dworze, obok cz\u0119\u015bci dydaktycznej, mie\u015bci si\u0119 cz\u0119\u015b\u0107 muzealna. Pierwszym za\u0142o\u017cycielem Szkolnego Muzeum Historycznego i d\u0142ugoletnim kustoszem by\u0142 prof. J\u00f3zef Go\u015bciej, miejscowy polonista.<\/div>\r\n<div dir=\"auto\">Tak wygl\u0105da wiekowa historia \u201epa\u0142acu\u201d zamkni\u0119ta w kilku zdaniach. Niestety, ale dzi\u015b nie ma ju\u017c w jego otoczeniu, lamusa, oficyny, szwajcarki, browaru, kamiennej \u0142awy i stawu. Pozosta\u0142 tylko on \u2013 DW\u00d3R, niemy \u015bwiadek historii. Gdyby m\u00f3g\u0142 m\u00f3wi\u0107, zapewne opowiedzia\u0142by jeszcze wiele nieznanych nam historii.<\/div>\r\n<div dir=\"auto\">\r\n<!-- default-view.php -->\n<div\n\tclass=\"ngg-galleryoverview default-view \"\n\tid=\"ngg-gallery-7d567a5fda757257f006913c59afc2dd-1\">\n\n\t\t<!-- Thumbnails -->\n\t\t\t\t<div id=\"ngg-image-0\" class=\"ngg-gallery-thumbnail-box \" >\n\t\t\t\t        <div class=\"ngg-gallery-thumbnail\">\n            <a href=\"http:\/\/artcentrum.org\/wp-content\/gallery\/helena-kufta\/DSC04298.JPG\"\n               title=\"\"\n               data-src=\"http:\/\/artcentrum.org\/wp-content\/gallery\/helena-kufta\/DSC04298.JPG\"\n               data-thumbnail=\"http:\/\/artcentrum.org\/wp-content\/gallery\/helena-kufta\/thumbs\/thumbs_DSC04298.JPG\"\n               data-image-id=\"163\"\n               data-title=\"DSC04298\"\n               data-description=\"\"\n               data-image-slug=\"dsc04298\"\n               class=\"ngg-simplelightbox\" rel=\"7d567a5fda757257f006913c59afc2dd\">\n                <img\n                    title=\"DSC04298\"\n                    alt=\"DSC04298\"\n                    src=\"http:\/\/artcentrum.org\/wp-content\/gallery\/helena-kufta\/cache\/DSC04298.JPG-nggid03163-ngg0dyn-160x160x100-00f0w010c011r110f110r010t010.JPG\"\n                    width=\"160\"\n                    height=\"160\"\n                    style=\"max-width:100%;\"\n                \/>\n            <\/a>\n        <\/div>\n\t\t\t\t\t\t\t<\/div> \n\t\t\t\n\t\t\t\t<div id=\"ngg-image-1\" class=\"ngg-gallery-thumbnail-box \" >\n\t\t\t\t        <div class=\"ngg-gallery-thumbnail\">\n            <a href=\"http:\/\/artcentrum.org\/wp-content\/gallery\/helena-kufta\/IMG_4584.JPG\"\n               title=\"\"\n               data-src=\"http:\/\/artcentrum.org\/wp-content\/gallery\/helena-kufta\/IMG_4584.JPG\"\n               data-thumbnail=\"http:\/\/artcentrum.org\/wp-content\/gallery\/helena-kufta\/thumbs\/thumbs_IMG_4584.JPG\"\n               data-image-id=\"238\"\n               data-title=\"IMG_4584\"\n               data-description=\"\"\n               data-image-slug=\"img_4584\"\n               class=\"ngg-simplelightbox\" rel=\"7d567a5fda757257f006913c59afc2dd\">\n                <img\n                    title=\"IMG_4584\"\n                    alt=\"IMG_4584\"\n                    src=\"http:\/\/artcentrum.org\/wp-content\/gallery\/helena-kufta\/cache\/IMG_4584.JPG-nggid03238-ngg0dyn-160x160x100-00f0w010c011r110f110r010t010.JPG\"\n                    width=\"160\"\n                    height=\"160\"\n                    style=\"max-width:100%;\"\n                \/>\n            <\/a>\n        <\/div>\n\t\t\t\t\t\t\t<\/div> \n\t\t\t\n\t\t\t\t<div id=\"ngg-image-2\" class=\"ngg-gallery-thumbnail-box \" >\n\t\t\t\t        <div class=\"ngg-gallery-thumbnail\">\n            <a href=\"http:\/\/artcentrum.org\/wp-content\/gallery\/helena-kufta\/IMG_4469.JPG\"\n               title=\"\"\n               data-src=\"http:\/\/artcentrum.org\/wp-content\/gallery\/helena-kufta\/IMG_4469.JPG\"\n               data-thumbnail=\"http:\/\/artcentrum.org\/wp-content\/gallery\/helena-kufta\/thumbs\/thumbs_IMG_4469.JPG\"\n               data-image-id=\"189\"\n               data-title=\"IMG_4469\"\n               data-description=\"\"\n               data-image-slug=\"img_4469\"\n               class=\"ngg-simplelightbox\" rel=\"7d567a5fda757257f006913c59afc2dd\">\n                <img\n                    title=\"IMG_4469\"\n                    alt=\"IMG_4469\"\n                    src=\"http:\/\/artcentrum.org\/wp-content\/gallery\/helena-kufta\/cache\/IMG_4469.JPG-nggid03189-ngg0dyn-160x160x100-00f0w010c011r110f110r010t010.JPG\"\n                    width=\"160\"\n                    height=\"160\"\n                    style=\"max-width:100%;\"\n                \/>\n            <\/a>\n        <\/div>\n\t\t\t\t\t\t\t<\/div> \n\t\t\t\n\t\t\t\t<div id=\"ngg-image-3\" class=\"ngg-gallery-thumbnail-box \" >\n\t\t\t\t        <div class=\"ngg-gallery-thumbnail\">\n            <a href=\"http:\/\/artcentrum.org\/wp-content\/gallery\/helena-kufta\/IMG_4499.JPG\"\n               title=\"\"\n               data-src=\"http:\/\/artcentrum.org\/wp-content\/gallery\/helena-kufta\/IMG_4499.JPG\"\n               data-thumbnail=\"http:\/\/artcentrum.org\/wp-content\/gallery\/helena-kufta\/thumbs\/thumbs_IMG_4499.JPG\"\n               data-image-id=\"213\"\n               data-title=\"IMG_4499\"\n               data-description=\"\"\n               data-image-slug=\"img_4499\"\n               class=\"ngg-simplelightbox\" rel=\"7d567a5fda757257f006913c59afc2dd\">\n                <img\n                    title=\"IMG_4499\"\n                    alt=\"IMG_4499\"\n                    src=\"http:\/\/artcentrum.org\/wp-content\/gallery\/helena-kufta\/cache\/IMG_4499.JPG-nggid03213-ngg0dyn-160x160x100-00f0w010c011r110f110r010t010.JPG\"\n                    width=\"160\"\n                    height=\"160\"\n                    style=\"max-width:100%;\"\n                \/>\n            <\/a>\n        <\/div>\n\t\t\t\t\t\t\t<\/div> \n\t\t\t\n\t\t\t\t<div id=\"ngg-image-4\" class=\"ngg-gallery-thumbnail-box \" >\n\t\t\t\t        <div class=\"ngg-gallery-thumbnail\">\n            <a href=\"http:\/\/artcentrum.org\/wp-content\/gallery\/helena-kufta\/IMG_4508.JPG\"\n               title=\"\"\n               data-src=\"http:\/\/artcentrum.org\/wp-content\/gallery\/helena-kufta\/IMG_4508.JPG\"\n               data-thumbnail=\"http:\/\/artcentrum.org\/wp-content\/gallery\/helena-kufta\/thumbs\/thumbs_IMG_4508.JPG\"\n               data-image-id=\"221\"\n               data-title=\"IMG_4508\"\n               data-description=\"\"\n               data-image-slug=\"img_4508\"\n               class=\"ngg-simplelightbox\" rel=\"7d567a5fda757257f006913c59afc2dd\">\n                <img\n                    title=\"IMG_4508\"\n                    alt=\"IMG_4508\"\n                    src=\"http:\/\/artcentrum.org\/wp-content\/gallery\/helena-kufta\/cache\/IMG_4508.JPG-nggid03221-ngg0dyn-160x160x100-00f0w010c011r110f110r010t010.JPG\"\n                    width=\"160\"\n                    height=\"160\"\n                    style=\"max-width:100%;\"\n                \/>\n            <\/a>\n        <\/div>\n\t\t\t\t\t\t\t<\/div> \n\t\t\t\n\t\t\t\t<div id=\"ngg-image-5\" class=\"ngg-gallery-thumbnail-box \" >\n\t\t\t\t        <div class=\"ngg-gallery-thumbnail\">\n            <a href=\"http:\/\/artcentrum.org\/wp-content\/gallery\/helena-kufta\/DSC04322.JPG\"\n               title=\"\"\n               data-src=\"http:\/\/artcentrum.org\/wp-content\/gallery\/helena-kufta\/DSC04322.JPG\"\n               data-thumbnail=\"http:\/\/artcentrum.org\/wp-content\/gallery\/helena-kufta\/thumbs\/thumbs_DSC04322.JPG\"\n               data-image-id=\"173\"\n               data-title=\"DSC04322\"\n               data-description=\"\"\n               data-image-slug=\"dsc04322\"\n               class=\"ngg-simplelightbox\" rel=\"7d567a5fda757257f006913c59afc2dd\">\n                <img\n                    title=\"DSC04322\"\n                    alt=\"DSC04322\"\n                    src=\"http:\/\/artcentrum.org\/wp-content\/gallery\/helena-kufta\/cache\/DSC04322.JPG-nggid03173-ngg0dyn-160x160x100-00f0w010c011r110f110r010t010.JPG\"\n                    width=\"160\"\n                    height=\"160\"\n                    style=\"max-width:100%;\"\n                \/>\n            <\/a>\n        <\/div>\n\t\t\t\t\t\t\t<\/div> \n\t\t\t\n\t\t\t\t<div id=\"ngg-image-6\" class=\"ngg-gallery-thumbnail-box \" >\n\t\t\t\t        <div class=\"ngg-gallery-thumbnail\">\n            <a href=\"http:\/\/artcentrum.org\/wp-content\/gallery\/helena-kufta\/IMG_4450.JPG\"\n               title=\"\"\n               data-src=\"http:\/\/artcentrum.org\/wp-content\/gallery\/helena-kufta\/IMG_4450.JPG\"\n               data-thumbnail=\"http:\/\/artcentrum.org\/wp-content\/gallery\/helena-kufta\/thumbs\/thumbs_IMG_4450.JPG\"\n               data-image-id=\"172\"\n               data-title=\"IMG_4450\"\n               data-description=\"\"\n               data-image-slug=\"img_4450\"\n               class=\"ngg-simplelightbox\" rel=\"7d567a5fda757257f006913c59afc2dd\">\n                <img\n                    title=\"IMG_4450\"\n                    alt=\"IMG_4450\"\n                    src=\"http:\/\/artcentrum.org\/wp-content\/gallery\/helena-kufta\/cache\/IMG_4450.JPG-nggid03172-ngg0dyn-160x160x100-00f0w010c011r110f110r010t010.JPG\"\n                    width=\"160\"\n                    height=\"160\"\n                    style=\"max-width:100%;\"\n                \/>\n            <\/a>\n        <\/div>\n\t\t\t\t\t\t\t<\/div> \n\t\t\t\n\t\t\t\t<div id=\"ngg-image-7\" class=\"ngg-gallery-thumbnail-box \" >\n\t\t\t\t        <div class=\"ngg-gallery-thumbnail\">\n            <a href=\"http:\/\/artcentrum.org\/wp-content\/gallery\/helena-kufta\/IMG_4442.JPG\"\n               title=\"\"\n               data-src=\"http:\/\/artcentrum.org\/wp-content\/gallery\/helena-kufta\/IMG_4442.JPG\"\n               data-thumbnail=\"http:\/\/artcentrum.org\/wp-content\/gallery\/helena-kufta\/thumbs\/thumbs_IMG_4442.JPG\"\n               data-image-id=\"171\"\n               data-title=\"IMG_4442\"\n               data-description=\"\"\n               data-image-slug=\"img_4442\"\n               class=\"ngg-simplelightbox\" rel=\"7d567a5fda757257f006913c59afc2dd\">\n                <img\n                    title=\"IMG_4442\"\n                    alt=\"IMG_4442\"\n                    src=\"http:\/\/artcentrum.org\/wp-content\/gallery\/helena-kufta\/cache\/IMG_4442.JPG-nggid03171-ngg0dyn-160x160x100-00f0w010c011r110f110r010t010.JPG\"\n                    width=\"160\"\n                    height=\"160\"\n                    style=\"max-width:100%;\"\n                \/>\n            <\/a>\n        <\/div>\n\t\t\t\t\t\t\t<\/div> \n\t\t\t\n\t\t\t\t<div id=\"ngg-image-8\" class=\"ngg-gallery-thumbnail-box \" >\n\t\t\t\t        <div class=\"ngg-gallery-thumbnail\">\n            <a href=\"http:\/\/artcentrum.org\/wp-content\/gallery\/helena-kufta\/IMG_4461.JPG\"\n               title=\"\"\n               data-src=\"http:\/\/artcentrum.org\/wp-content\/gallery\/helena-kufta\/IMG_4461.JPG\"\n               data-thumbnail=\"http:\/\/artcentrum.org\/wp-content\/gallery\/helena-kufta\/thumbs\/thumbs_IMG_4461.JPG\"\n               data-image-id=\"179\"\n               data-title=\"IMG_4461\"\n               data-description=\"\"\n               data-image-slug=\"img_4461\"\n               class=\"ngg-simplelightbox\" rel=\"7d567a5fda757257f006913c59afc2dd\">\n                <img\n                    title=\"IMG_4461\"\n                    alt=\"IMG_4461\"\n                    src=\"http:\/\/artcentrum.org\/wp-content\/gallery\/helena-kufta\/cache\/IMG_4461.JPG-nggid03179-ngg0dyn-160x160x100-00f0w010c011r110f110r010t010.JPG\"\n                    width=\"160\"\n                    height=\"160\"\n                    style=\"max-width:100%;\"\n                \/>\n            <\/a>\n        <\/div>\n\t\t\t\t\t\t\t<\/div> \n\t\t\t\n\t\t\t\t<div id=\"ngg-image-9\" class=\"ngg-gallery-thumbnail-box \" >\n\t\t\t\t        <div class=\"ngg-gallery-thumbnail\">\n            <a href=\"http:\/\/artcentrum.org\/wp-content\/gallery\/helena-kufta\/IMG_4481.JPG\"\n               title=\"\"\n               data-src=\"http:\/\/artcentrum.org\/wp-content\/gallery\/helena-kufta\/IMG_4481.JPG\"\n               data-thumbnail=\"http:\/\/artcentrum.org\/wp-content\/gallery\/helena-kufta\/thumbs\/thumbs_IMG_4481.JPG\"\n               data-image-id=\"199\"\n               data-title=\"IMG_4481\"\n               data-description=\"\"\n               data-image-slug=\"img_4481\"\n               class=\"ngg-simplelightbox\" rel=\"7d567a5fda757257f006913c59afc2dd\">\n                <img\n                    title=\"IMG_4481\"\n                    alt=\"IMG_4481\"\n                    src=\"http:\/\/artcentrum.org\/wp-content\/gallery\/helena-kufta\/cache\/IMG_4481.JPG-nggid03199-ngg0dyn-160x160x100-00f0w010c011r110f110r010t010.JPG\"\n                    width=\"160\"\n                    height=\"160\"\n                    style=\"max-width:100%;\"\n                \/>\n            <\/a>\n        <\/div>\n\t\t\t\t\t\t\t<\/div> \n\t\t\t\n\t\t\t\t<div id=\"ngg-image-10\" class=\"ngg-gallery-thumbnail-box \" >\n\t\t\t\t        <div class=\"ngg-gallery-thumbnail\">\n            <a href=\"http:\/\/artcentrum.org\/wp-content\/gallery\/helena-kufta\/IMG_4498.JPG\"\n               title=\"\"\n               data-src=\"http:\/\/artcentrum.org\/wp-content\/gallery\/helena-kufta\/IMG_4498.JPG\"\n               data-thumbnail=\"http:\/\/artcentrum.org\/wp-content\/gallery\/helena-kufta\/thumbs\/thumbs_IMG_4498.JPG\"\n               data-image-id=\"214\"\n               data-title=\"IMG_4498\"\n               data-description=\"\"\n               data-image-slug=\"img_4498\"\n               class=\"ngg-simplelightbox\" rel=\"7d567a5fda757257f006913c59afc2dd\">\n                <img\n                    title=\"IMG_4498\"\n                    alt=\"IMG_4498\"\n                    src=\"http:\/\/artcentrum.org\/wp-content\/gallery\/helena-kufta\/cache\/IMG_4498.JPG-nggid03214-ngg0dyn-160x160x100-00f0w010c011r110f110r010t010.JPG\"\n                    width=\"160\"\n                    height=\"160\"\n                    style=\"max-width:100%;\"\n                \/>\n            <\/a>\n        <\/div>\n\t\t\t\t\t\t\t<\/div> \n\t\t\t\n\t\t\t\t<div id=\"ngg-image-11\" class=\"ngg-gallery-thumbnail-box \" >\n\t\t\t\t        <div class=\"ngg-gallery-thumbnail\">\n            <a href=\"http:\/\/artcentrum.org\/wp-content\/gallery\/helena-kufta\/IMG_4487.JPG\"\n               title=\"\"\n               data-src=\"http:\/\/artcentrum.org\/wp-content\/gallery\/helena-kufta\/IMG_4487.JPG\"\n               data-thumbnail=\"http:\/\/artcentrum.org\/wp-content\/gallery\/helena-kufta\/thumbs\/thumbs_IMG_4487.JPG\"\n               data-image-id=\"205\"\n               data-title=\"IMG_4487\"\n               data-description=\"\"\n               data-image-slug=\"img_4487\"\n               class=\"ngg-simplelightbox\" rel=\"7d567a5fda757257f006913c59afc2dd\">\n                <img\n                    title=\"IMG_4487\"\n                    alt=\"IMG_4487\"\n                    src=\"http:\/\/artcentrum.org\/wp-content\/gallery\/helena-kufta\/cache\/IMG_4487.JPG-nggid03205-ngg0dyn-160x160x100-00f0w010c011r110f110r010t010.JPG\"\n                    width=\"160\"\n                    height=\"160\"\n                    style=\"max-width:100%;\"\n                \/>\n            <\/a>\n        <\/div>\n\t\t\t\t\t\t\t<\/div> \n\t\t\t\n\t\t\t\t<div id=\"ngg-image-12\" class=\"ngg-gallery-thumbnail-box \" >\n\t\t\t\t        <div class=\"ngg-gallery-thumbnail\">\n            <a href=\"http:\/\/artcentrum.org\/wp-content\/gallery\/helena-kufta\/IMG_4509.JPG\"\n               title=\"\"\n               data-src=\"http:\/\/artcentrum.org\/wp-content\/gallery\/helena-kufta\/IMG_4509.JPG\"\n               data-thumbnail=\"http:\/\/artcentrum.org\/wp-content\/gallery\/helena-kufta\/thumbs\/thumbs_IMG_4509.JPG\"\n               data-image-id=\"222\"\n               data-title=\"IMG_4509\"\n               data-description=\"\"\n               data-image-slug=\"img_4509\"\n               class=\"ngg-simplelightbox\" rel=\"7d567a5fda757257f006913c59afc2dd\">\n                <img\n                    title=\"IMG_4509\"\n                    alt=\"IMG_4509\"\n                    src=\"http:\/\/artcentrum.org\/wp-content\/gallery\/helena-kufta\/cache\/IMG_4509.JPG-nggid03222-ngg0dyn-160x160x100-00f0w010c011r110f110r010t010.JPG\"\n                    width=\"160\"\n                    height=\"160\"\n                    style=\"max-width:100%;\"\n                \/>\n            <\/a>\n        <\/div>\n\t\t\t\t\t\t\t<\/div> \n\t\t\t\n\t\t\t\t<div id=\"ngg-image-13\" class=\"ngg-gallery-thumbnail-box \" >\n\t\t\t\t        <div class=\"ngg-gallery-thumbnail\">\n            <a href=\"http:\/\/artcentrum.org\/wp-content\/gallery\/helena-kufta\/DSC04293.JPG\"\n               title=\"\"\n               data-src=\"http:\/\/artcentrum.org\/wp-content\/gallery\/helena-kufta\/DSC04293.JPG\"\n               data-thumbnail=\"http:\/\/artcentrum.org\/wp-content\/gallery\/helena-kufta\/thumbs\/thumbs_DSC04293.JPG\"\n               data-image-id=\"165\"\n               data-title=\"DSC04293\"\n               data-description=\"\"\n               data-image-slug=\"dsc04293\"\n               class=\"ngg-simplelightbox\" rel=\"7d567a5fda757257f006913c59afc2dd\">\n                <img\n                    title=\"DSC04293\"\n                    alt=\"DSC04293\"\n                    src=\"http:\/\/artcentrum.org\/wp-content\/gallery\/helena-kufta\/cache\/DSC04293.JPG-nggid03165-ngg0dyn-160x160x100-00f0w010c011r110f110r010t010.JPG\"\n                    width=\"160\"\n                    height=\"160\"\n                    style=\"max-width:100%;\"\n                \/>\n            <\/a>\n        <\/div>\n\t\t\t\t\t\t\t<\/div> \n\t\t\t\n\t\t\t\t<div id=\"ngg-image-14\" class=\"ngg-gallery-thumbnail-box \" >\n\t\t\t\t        <div class=\"ngg-gallery-thumbnail\">\n            <a href=\"http:\/\/artcentrum.org\/wp-content\/gallery\/helena-kufta\/DSC04316.JPG\"\n               title=\"\"\n               data-src=\"http:\/\/artcentrum.org\/wp-content\/gallery\/helena-kufta\/DSC04316.JPG\"\n               data-thumbnail=\"http:\/\/artcentrum.org\/wp-content\/gallery\/helena-kufta\/thumbs\/thumbs_DSC04316.JPG\"\n               data-image-id=\"164\"\n               data-title=\"DSC04316\"\n               data-description=\"\"\n               data-image-slug=\"dsc04316\"\n               class=\"ngg-simplelightbox\" rel=\"7d567a5fda757257f006913c59afc2dd\">\n                <img\n                    title=\"DSC04316\"\n                    alt=\"DSC04316\"\n                    src=\"http:\/\/artcentrum.org\/wp-content\/gallery\/helena-kufta\/cache\/DSC04316.JPG-nggid03164-ngg0dyn-160x160x100-00f0w010c011r110f110r010t010.JPG\"\n                    width=\"160\"\n                    height=\"160\"\n                    style=\"max-width:100%;\"\n                \/>\n            <\/a>\n        <\/div>\n\t\t\t\t\t\t\t<\/div> \n\t\t\t\n\t\t\t\t<div id=\"ngg-image-15\" class=\"ngg-gallery-thumbnail-box \" >\n\t\t\t\t        <div class=\"ngg-gallery-thumbnail\">\n            <a href=\"http:\/\/artcentrum.org\/wp-content\/gallery\/helena-kufta\/DSC04282.JPG\"\n               title=\"\"\n               data-src=\"http:\/\/artcentrum.org\/wp-content\/gallery\/helena-kufta\/DSC04282.JPG\"\n               data-thumbnail=\"http:\/\/artcentrum.org\/wp-content\/gallery\/helena-kufta\/thumbs\/thumbs_DSC04282.JPG\"\n               data-image-id=\"148\"\n               data-title=\"DSC04282\"\n               data-description=\"\"\n               data-image-slug=\"dsc04282\"\n               class=\"ngg-simplelightbox\" rel=\"7d567a5fda757257f006913c59afc2dd\">\n                <img\n                    title=\"DSC04282\"\n                    alt=\"DSC04282\"\n                    src=\"http:\/\/artcentrum.org\/wp-content\/gallery\/helena-kufta\/cache\/DSC04282.JPG-nggid03148-ngg0dyn-160x160x100-00f0w010c011r110f110r010t010.JPG\"\n                    width=\"160\"\n                    height=\"160\"\n                    style=\"max-width:100%;\"\n                \/>\n            <\/a>\n        <\/div>\n\t\t\t\t\t\t\t<\/div> \n\t\t\t\n\t\t\t\t<div id=\"ngg-image-16\" class=\"ngg-gallery-thumbnail-box \" >\n\t\t\t\t        <div class=\"ngg-gallery-thumbnail\">\n            <a href=\"http:\/\/artcentrum.org\/wp-content\/gallery\/helena-kufta\/IMG_4459.JPG\"\n               title=\"\"\n               data-src=\"http:\/\/artcentrum.org\/wp-content\/gallery\/helena-kufta\/IMG_4459.JPG\"\n               data-thumbnail=\"http:\/\/artcentrum.org\/wp-content\/gallery\/helena-kufta\/thumbs\/thumbs_IMG_4459.JPG\"\n               data-image-id=\"180\"\n               data-title=\"IMG_4459\"\n               data-description=\"\"\n               data-image-slug=\"img_4459\"\n               class=\"ngg-simplelightbox\" rel=\"7d567a5fda757257f006913c59afc2dd\">\n                <img\n                    title=\"IMG_4459\"\n                    alt=\"IMG_4459\"\n                    src=\"http:\/\/artcentrum.org\/wp-content\/gallery\/helena-kufta\/cache\/IMG_4459.JPG-nggid03180-ngg0dyn-160x160x100-00f0w010c011r110f110r010t010.JPG\"\n                    width=\"160\"\n                    height=\"160\"\n                    style=\"max-width:100%;\"\n                \/>\n            <\/a>\n        <\/div>\n\t\t\t\t\t\t\t<\/div> \n\t\t\t\n\t\t\t\t<div id=\"ngg-image-17\" class=\"ngg-gallery-thumbnail-box \" >\n\t\t\t\t        <div class=\"ngg-gallery-thumbnail\">\n            <a href=\"http:\/\/artcentrum.org\/wp-content\/gallery\/helena-kufta\/IMG_4467.JPG\"\n               title=\"\"\n               data-src=\"http:\/\/artcentrum.org\/wp-content\/gallery\/helena-kufta\/IMG_4467.JPG\"\n               data-thumbnail=\"http:\/\/artcentrum.org\/wp-content\/gallery\/helena-kufta\/thumbs\/thumbs_IMG_4467.JPG\"\n               data-image-id=\"188\"\n               data-title=\"IMG_4467\"\n               data-description=\"\"\n               data-image-slug=\"img_4467\"\n               class=\"ngg-simplelightbox\" rel=\"7d567a5fda757257f006913c59afc2dd\">\n                <img\n                    title=\"IMG_4467\"\n                    alt=\"IMG_4467\"\n                    src=\"http:\/\/artcentrum.org\/wp-content\/gallery\/helena-kufta\/cache\/IMG_4467.JPG-nggid03188-ngg0dyn-160x160x100-00f0w010c011r110f110r010t010.JPG\"\n                    width=\"160\"\n                    height=\"160\"\n                    style=\"max-width:100%;\"\n                \/>\n            <\/a>\n        <\/div>\n\t\t\t\t\t\t\t<\/div> \n\t\t\t\n\t\t\t\t<div id=\"ngg-image-18\" class=\"ngg-gallery-thumbnail-box \" >\n\t\t\t\t        <div class=\"ngg-gallery-thumbnail\">\n            <a href=\"http:\/\/artcentrum.org\/wp-content\/gallery\/helena-kufta\/IMG_4477.JPG\"\n               title=\"\"\n               data-src=\"http:\/\/artcentrum.org\/wp-content\/gallery\/helena-kufta\/IMG_4477.JPG\"\n               data-thumbnail=\"http:\/\/artcentrum.org\/wp-content\/gallery\/helena-kufta\/thumbs\/thumbs_IMG_4477.JPG\"\n               data-image-id=\"198\"\n               data-title=\"IMG_4477\"\n               data-description=\"\"\n               data-image-slug=\"img_4477\"\n               class=\"ngg-simplelightbox\" rel=\"7d567a5fda757257f006913c59afc2dd\">\n                <img\n                    title=\"IMG_4477\"\n                    alt=\"IMG_4477\"\n                    src=\"http:\/\/artcentrum.org\/wp-content\/gallery\/helena-kufta\/cache\/IMG_4477.JPG-nggid03198-ngg0dyn-160x160x100-00f0w010c011r110f110r010t010.JPG\"\n                    width=\"160\"\n                    height=\"160\"\n                    style=\"max-width:100%;\"\n                \/>\n            <\/a>\n        <\/div>\n\t\t\t\t\t\t\t<\/div> \n\t\t\t\n\t\t\t\t<div id=\"ngg-image-19\" class=\"ngg-gallery-thumbnail-box \" >\n\t\t\t\t        <div class=\"ngg-gallery-thumbnail\">\n            <a href=\"http:\/\/artcentrum.org\/wp-content\/gallery\/helena-kufta\/IMG_4484.JPG\"\n               title=\"\"\n               data-src=\"http:\/\/artcentrum.org\/wp-content\/gallery\/helena-kufta\/IMG_4484.JPG\"\n               data-thumbnail=\"http:\/\/artcentrum.org\/wp-content\/gallery\/helena-kufta\/thumbs\/thumbs_IMG_4484.JPG\"\n               data-image-id=\"206\"\n               data-title=\"IMG_4484\"\n               data-description=\"\"\n               data-image-slug=\"img_4484\"\n               class=\"ngg-simplelightbox\" rel=\"7d567a5fda757257f006913c59afc2dd\">\n                <img\n                    title=\"IMG_4484\"\n                    alt=\"IMG_4484\"\n                    src=\"http:\/\/artcentrum.org\/wp-content\/gallery\/helena-kufta\/cache\/IMG_4484.JPG-nggid03206-ngg0dyn-160x160x100-00f0w010c011r110f110r010t010.JPG\"\n                    width=\"160\"\n                    height=\"160\"\n                    style=\"max-width:100%;\"\n                \/>\n            <\/a>\n        <\/div>\n\t\t\t\t\t\t\t<\/div> \n\t\t\t\n\t\t\t\t<div id=\"ngg-image-20\" class=\"ngg-gallery-thumbnail-box \" >\n\t\t\t\t        <div class=\"ngg-gallery-thumbnail\">\n            <a href=\"http:\/\/artcentrum.org\/wp-content\/gallery\/helena-kufta\/IMG_4580.JPG\"\n               title=\"\"\n               data-src=\"http:\/\/artcentrum.org\/wp-content\/gallery\/helena-kufta\/IMG_4580.JPG\"\n               data-thumbnail=\"http:\/\/artcentrum.org\/wp-content\/gallery\/helena-kufta\/thumbs\/thumbs_IMG_4580.JPG\"\n               data-image-id=\"231\"\n               data-title=\"IMG_4580\"\n               data-description=\"\"\n               data-image-slug=\"img_4580\"\n               class=\"ngg-simplelightbox\" rel=\"7d567a5fda757257f006913c59afc2dd\">\n                <img\n                    title=\"IMG_4580\"\n                    alt=\"IMG_4580\"\n                    src=\"http:\/\/artcentrum.org\/wp-content\/gallery\/helena-kufta\/cache\/IMG_4580.JPG-nggid03231-ngg0dyn-160x160x100-00f0w010c011r110f110r010t010.JPG\"\n                    width=\"160\"\n                    height=\"160\"\n                    style=\"max-width:100%;\"\n                \/>\n            <\/a>\n        <\/div>\n\t\t\t\t\t\t\t<\/div> \n\t\t\t\n\t\t\t\t<div id=\"ngg-image-21\" class=\"ngg-gallery-thumbnail-box \" >\n\t\t\t\t        <div class=\"ngg-gallery-thumbnail\">\n            <a href=\"http:\/\/artcentrum.org\/wp-content\/gallery\/helena-kufta\/DSC04290.JPG\"\n               title=\"\"\n               data-src=\"http:\/\/artcentrum.org\/wp-content\/gallery\/helena-kufta\/DSC04290.JPG\"\n               data-thumbnail=\"http:\/\/artcentrum.org\/wp-content\/gallery\/helena-kufta\/thumbs\/thumbs_DSC04290.JPG\"\n               data-image-id=\"156\"\n               data-title=\"DSC04290\"\n               data-description=\"\"\n               data-image-slug=\"dsc04290\"\n               class=\"ngg-simplelightbox\" rel=\"7d567a5fda757257f006913c59afc2dd\">\n                <img\n                    title=\"DSC04290\"\n                    alt=\"DSC04290\"\n                    src=\"http:\/\/artcentrum.org\/wp-content\/gallery\/helena-kufta\/cache\/DSC04290.JPG-nggid03156-ngg0dyn-160x160x100-00f0w010c011r110f110r010t010.JPG\"\n                    width=\"160\"\n                    height=\"160\"\n                    style=\"max-width:100%;\"\n                \/>\n            <\/a>\n        <\/div>\n\t\t\t\t\t\t\t<\/div> \n\t\t\t\n\t\t\t\t<div id=\"ngg-image-22\" class=\"ngg-gallery-thumbnail-box \" >\n\t\t\t\t        <div class=\"ngg-gallery-thumbnail\">\n            <a href=\"http:\/\/artcentrum.org\/wp-content\/gallery\/helena-kufta\/DSC04289.JPG\"\n               title=\"\"\n               data-src=\"http:\/\/artcentrum.org\/wp-content\/gallery\/helena-kufta\/DSC04289.JPG\"\n               data-thumbnail=\"http:\/\/artcentrum.org\/wp-content\/gallery\/helena-kufta\/thumbs\/thumbs_DSC04289.JPG\"\n               data-image-id=\"155\"\n               data-title=\"DSC04289\"\n               data-description=\"\"\n               data-image-slug=\"dsc04289\"\n               class=\"ngg-simplelightbox\" rel=\"7d567a5fda757257f006913c59afc2dd\">\n                <img\n                    title=\"DSC04289\"\n                    alt=\"DSC04289\"\n                    src=\"http:\/\/artcentrum.org\/wp-content\/gallery\/helena-kufta\/cache\/DSC04289.JPG-nggid03155-ngg0dyn-160x160x100-00f0w010c011r110f110r010t010.JPG\"\n                    width=\"160\"\n                    height=\"160\"\n                    style=\"max-width:100%;\"\n                \/>\n            <\/a>\n        <\/div>\n\t\t\t\t\t\t\t<\/div> \n\t\t\t\n\t\t\t\t<div id=\"ngg-image-23\" class=\"ngg-gallery-thumbnail-box \" >\n\t\t\t\t        <div class=\"ngg-gallery-thumbnail\">\n            <a href=\"http:\/\/artcentrum.org\/wp-content\/gallery\/helena-kufta\/DSC04286.JPG\"\n               title=\"\"\n               data-src=\"http:\/\/artcentrum.org\/wp-content\/gallery\/helena-kufta\/DSC04286.JPG\"\n               data-thumbnail=\"http:\/\/artcentrum.org\/wp-content\/gallery\/helena-kufta\/thumbs\/thumbs_DSC04286.JPG\"\n               data-image-id=\"154\"\n               data-title=\"DSC04286\"\n               data-description=\"\"\n               data-image-slug=\"dsc04286\"\n               class=\"ngg-simplelightbox\" rel=\"7d567a5fda757257f006913c59afc2dd\">\n                <img\n                    title=\"DSC04286\"\n                    alt=\"DSC04286\"\n                    src=\"http:\/\/artcentrum.org\/wp-content\/gallery\/helena-kufta\/cache\/DSC04286.JPG-nggid03154-ngg0dyn-160x160x100-00f0w010c011r110f110r010t010.JPG\"\n                    width=\"160\"\n                    height=\"160\"\n                    style=\"max-width:100%;\"\n                \/>\n            <\/a>\n        <\/div>\n\t\t\t\t\t\t\t<\/div> \n\t\t\t\n\t\t\t\t<div id=\"ngg-image-24\" class=\"ngg-gallery-thumbnail-box \" >\n\t\t\t\t        <div class=\"ngg-gallery-thumbnail\">\n            <a href=\"http:\/\/artcentrum.org\/wp-content\/gallery\/helena-kufta\/IMG_4460.JPG\"\n               title=\"\"\n               data-src=\"http:\/\/artcentrum.org\/wp-content\/gallery\/helena-kufta\/IMG_4460.JPG\"\n               data-thumbnail=\"http:\/\/artcentrum.org\/wp-content\/gallery\/helena-kufta\/thumbs\/thumbs_IMG_4460.JPG\"\n               data-image-id=\"181\"\n               data-title=\"IMG_4460\"\n               data-description=\"\"\n               data-image-slug=\"img_4460\"\n               class=\"ngg-simplelightbox\" rel=\"7d567a5fda757257f006913c59afc2dd\">\n                <img\n                    title=\"IMG_4460\"\n                    alt=\"IMG_4460\"\n                    src=\"http:\/\/artcentrum.org\/wp-content\/gallery\/helena-kufta\/cache\/IMG_4460.JPG-nggid03181-ngg0dyn-160x160x100-00f0w010c011r110f110r010t010.JPG\"\n                    width=\"160\"\n                    height=\"160\"\n                    style=\"max-width:100%;\"\n                \/>\n            <\/a>\n        <\/div>\n\t\t\t\t\t\t\t<\/div> \n\t\t\t\n\t\t\t\t<div id=\"ngg-image-25\" class=\"ngg-gallery-thumbnail-box \" >\n\t\t\t\t        <div class=\"ngg-gallery-thumbnail\">\n            <a href=\"http:\/\/artcentrum.org\/wp-content\/gallery\/helena-kufta\/IMG_4468.JPG\"\n               title=\"\"\n               data-src=\"http:\/\/artcentrum.org\/wp-content\/gallery\/helena-kufta\/IMG_4468.JPG\"\n               data-thumbnail=\"http:\/\/artcentrum.org\/wp-content\/gallery\/helena-kufta\/thumbs\/thumbs_IMG_4468.JPG\"\n               data-image-id=\"187\"\n               data-title=\"IMG_4468\"\n               data-description=\"\"\n               data-image-slug=\"img_4468\"\n               class=\"ngg-simplelightbox\" rel=\"7d567a5fda757257f006913c59afc2dd\">\n                <img\n                    title=\"IMG_4468\"\n                    alt=\"IMG_4468\"\n                    src=\"http:\/\/artcentrum.org\/wp-content\/gallery\/helena-kufta\/cache\/IMG_4468.JPG-nggid03187-ngg0dyn-160x160x100-00f0w010c011r110f110r010t010.JPG\"\n                    width=\"160\"\n                    height=\"160\"\n                    style=\"max-width:100%;\"\n                \/>\n            <\/a>\n        <\/div>\n\t\t\t\t\t\t\t<\/div> \n\t\t\t\n\t\t\t\t<div id=\"ngg-image-26\" class=\"ngg-gallery-thumbnail-box \" >\n\t\t\t\t        <div class=\"ngg-gallery-thumbnail\">\n            <a href=\"http:\/\/artcentrum.org\/wp-content\/gallery\/helena-kufta\/IMG_4476.JPG\"\n               title=\"\"\n               data-src=\"http:\/\/artcentrum.org\/wp-content\/gallery\/helena-kufta\/IMG_4476.JPG\"\n               data-thumbnail=\"http:\/\/artcentrum.org\/wp-content\/gallery\/helena-kufta\/thumbs\/thumbs_IMG_4476.JPG\"\n               data-image-id=\"197\"\n               data-title=\"IMG_4476\"\n               data-description=\"\"\n               data-image-slug=\"img_4476\"\n               class=\"ngg-simplelightbox\" rel=\"7d567a5fda757257f006913c59afc2dd\">\n                <img\n                    title=\"IMG_4476\"\n                    alt=\"IMG_4476\"\n                    src=\"http:\/\/artcentrum.org\/wp-content\/gallery\/helena-kufta\/cache\/IMG_4476.JPG-nggid03197-ngg0dyn-160x160x100-00f0w010c011r110f110r010t010.JPG\"\n                    width=\"160\"\n                    height=\"160\"\n                    style=\"max-width:100%;\"\n                \/>\n            <\/a>\n        <\/div>\n\t\t\t\t\t\t\t<\/div> \n\t\t\t\n\t\t\t\t<div id=\"ngg-image-27\" class=\"ngg-gallery-thumbnail-box \" >\n\t\t\t\t        <div class=\"ngg-gallery-thumbnail\">\n            <a href=\"http:\/\/artcentrum.org\/wp-content\/gallery\/helena-kufta\/IMG_4587.JPG\"\n               title=\"\"\n               data-src=\"http:\/\/artcentrum.org\/wp-content\/gallery\/helena-kufta\/IMG_4587.JPG\"\n               data-thumbnail=\"http:\/\/artcentrum.org\/wp-content\/gallery\/helena-kufta\/thumbs\/thumbs_IMG_4587.JPG\"\n               data-image-id=\"239\"\n               data-title=\"IMG_4587\"\n               data-description=\"\"\n               data-image-slug=\"img_4587\"\n               class=\"ngg-simplelightbox\" rel=\"7d567a5fda757257f006913c59afc2dd\">\n                <img\n                    title=\"IMG_4587\"\n                    alt=\"IMG_4587\"\n                    src=\"http:\/\/artcentrum.org\/wp-content\/gallery\/helena-kufta\/cache\/IMG_4587.JPG-nggid03239-ngg0dyn-160x160x100-00f0w010c011r110f110r010t010.JPG\"\n                    width=\"160\"\n                    height=\"160\"\n                    style=\"max-width:100%;\"\n                \/>\n            <\/a>\n        <\/div>\n\t\t\t\t\t\t\t<\/div> \n\t\t\t\n\t\n\t<br style=\"clear: both\" \/>\n\n\t\n\t\t<!-- Pagination -->\n\t<div class='ngg-navigation'><span class='current'>1<\/span>\n<a class='page-numbers' data-pageid='2' href='http:\/\/artcentrum.org\/index.php\/nggallery\/page\/2?page_id=130'>2<\/a>\n<span class='ellipsis'>...<\/span>\n<a class='page-numbers' data-pageid='4' href='http:\/\/artcentrum.org\/index.php\/nggallery\/page\/4?page_id=130'>4<\/a>\n<a class='prev' href='http:\/\/artcentrum.org\/index.php\/nggallery\/page\/2?page_id=130' data-pageid=2>&#9658;<\/a><\/div>\t<\/div>\n\r\n<\/div>\r\n<div dir=\"auto\" style=\"text-align: right;\"><em>ks. Sebastian Musia\u0142<\/em><\/div>\r\n<\/div>\r\n<\/div>\r\n<\/div>\r\n<\/div>\r\n<\/div>\r\n\r\n<div class=\"wp-block-file\"><a href=\"http:\/\/artcentrum.org\/wp-content\/uploads\/2021\/02\/KatalogHelenaKufta.pdf\">Madonny Heleny Kufty &#8211; malarstwo na szkle &#8211; KATALOG<\/a><a class=\"wp-block-file__button\" href=\"http:\/\/artcentrum.org\/wp-content\/uploads\/2021\/02\/KatalogHelenaKufta.pdf\" download=\"\">Pobierz<\/a><\/div>\r\n\r\n\r\n","protected":false},"excerpt":{"rendered":"<p>Wystawa: Malarstwo i haft \u2013 pokoleniowe inspiracje tw\u00f3rcze Heleny Kufty. Dw\u00f3r Morawskich w Marcinkowicach. Helena Kufta urodzi\u0142a si\u0119 w&nbsp;&nbsp;1958r. w Nowym S\u0105czu. Swoje miejsce na ziemi znalaz\u0142a w Pi\u0105tkowej ko\u0142o Nowego S\u0105cza, gdzie zakochana w kulturze ludowej, tworzy pi\u0119kne dzie\u0142a artystyczne. Rzecz by mo\u017cna kobieta renesansu w kulturze ludowej. Haftuje, wykonuje koronk\u0119 klockow\u0105 i maluje [&hellip;]<\/p>\n","protected":false},"author":1,"featured_media":0,"parent":0,"menu_order":0,"comment_status":"closed","ping_status":"closed","template":"","meta":{"ngg_post_thumbnail":0},"_links":{"self":[{"href":"http:\/\/artcentrum.org\/index.php?rest_route=\/wp\/v2\/pages\/130"}],"collection":[{"href":"http:\/\/artcentrum.org\/index.php?rest_route=\/wp\/v2\/pages"}],"about":[{"href":"http:\/\/artcentrum.org\/index.php?rest_route=\/wp\/v2\/types\/page"}],"author":[{"embeddable":true,"href":"http:\/\/artcentrum.org\/index.php?rest_route=\/wp\/v2\/users\/1"}],"replies":[{"embeddable":true,"href":"http:\/\/artcentrum.org\/index.php?rest_route=%2Fwp%2Fv2%2Fcomments&post=130"}],"version-history":[{"count":14,"href":"http:\/\/artcentrum.org\/index.php?rest_route=\/wp\/v2\/pages\/130\/revisions"}],"predecessor-version":[{"id":1478,"href":"http:\/\/artcentrum.org\/index.php?rest_route=\/wp\/v2\/pages\/130\/revisions\/1478"}],"wp:attachment":[{"href":"http:\/\/artcentrum.org\/index.php?rest_route=%2Fwp%2Fv2%2Fmedia&parent=130"}],"curies":[{"name":"wp","href":"https:\/\/api.w.org\/{rel}","templated":true}]}}