{"id":116,"date":"2021-01-19T20:15:48","date_gmt":"2021-01-19T19:15:48","guid":{"rendered":"http:\/\/artcentrum.org\/?page_id=116"},"modified":"2021-04-10T16:01:59","modified_gmt":"2021-04-10T14:01:59","slug":"marian-molka","status":"publish","type":"page","link":"http:\/\/artcentrum.org\/?page_id=116","title":{"rendered":"Marian M\u00f3\u0142ka"},"content":{"rendered":"<p style=\"text-align: justify;\">Marian M\u00f3\u0142ka urodzi\u0142 si\u0119 w 1942 roku w Zabe\u0142czu pod Nowym S\u0105czem (dzisiaj jest to osiedle Nowego S\u0105cza). Rze\u017abi od 1980 roku, jednak jego zainteresowanie tw\u00f3rczo\u015bci\u0105 artystyczn\u0105 zrodzi\u0142o si\u0119 ju\u017c w dzieci\u0144stwie.&nbsp; Jak sam m\u00f3wi, nie m\u00f3g\u0142 w m\u0142odo\u015bci &nbsp;rozwija\u0107 swoich zainteresowa\u0144 w szkole artystycznej i koleje losu pokierowa\u0142y go w stron\u0119 gastronomii, w kt\u00f3rej r\u00f3wnie\u017c osi\u0105ga\u0142 znacz\u0105ce sukcesy. Kiedy ze wzgl\u0119d\u00f3w zdrowotnych przeszed\u0142 na emerytur\u0119, wzi\u0105\u0142 do r\u0119ki d\u0142uto, p\u0119dzel i zacz\u0119\u0142o si\u0119. Jest samoukiem. \u201eNauk\u0119 rze\u017aby pobiera\u0142em w drzewie, to jego kszta\u0142t, struktura, w\u0142\u00f3kna uczy\u0142y mnie tej sztuki. Kiedy bior\u0119 kawa\u0142ek drewna do r\u0119ki to ono m\u00f3wi mi jakie dzie\u0142o ma powsta\u0107. Je\u017celi milczy, to go odk\u0142adam i wracam do niego kiedy jest ju\u017c gotowe\u201d \u2013 m\u00f3wi z u\u015bmiechem pan Marian. Bardzo cz\u0119sto materia\u0142 rze\u017abiarski znajduje w odrzuconych kawa\u0142kach drewna, np. na budowie. Kiedy dopatrzy si\u0119 w nim rze\u017aby, zabiera i powstaje \u015awi\u0105tek, anio\u0142 lub diabe\u0142. Jego ulubion\u0105 postaci\u0105 jest Matka Boska z dzieci\u0105tkiem, kt\u00f3r\u0105 bardzo cz\u0119sto obudowuje w kapliczki, kt\u00f3rymi zafascynowa\u0142 si\u0119 ju\u017c w dzieci\u0144stwie. Pomimo, ze wychowa\u0142 si\u0119 w mie\u015bci w duszy ma wie\u015b, w kt\u00f3rej jak sam m\u00f3wi: \u201ez\u0142o \u2013 to diabe\u0142 w szopce, a reszta jest dobra\u201d. Po czym dodaje \u201em\u00f3g\u0142bym rze\u017abi\u0107 nowocze\u015bnie, ale moja dusza pozostaje przy sztuce ludowej i jej pozostan\u0119 wierny na zawsze\u201d. Bardzo charakterystyczne s\u0105 kolory, kt\u00f3rymi pokrywa&nbsp; Marian M\u00f3\u0142ka swoje dzie\u0142a. Pastelowy &nbsp;niebieski i r\u00f3\u017cowy odr\u00f3\u017cniaj\u0105 rze\u017aby Mariana M\u00f3\u0142ki od innych. Ponadto w twarzach postaci Mariana M\u00f3\u0142ki widzimy nastr\u00f3j, od skupienia poprzez u\u015bmiech, a\u017c do gwa\u0142townych uczu\u0107. Marian M\u00f3\u0142ka wykonuje r\u00f3wnie\u017c zabawki drewniane dla dzieci. Wci\u0105\u017c r\u00f3wnie\u017c poszukuje nowych wzorc\u00f3w, kt\u00f3re nast\u0119pnie d\u0142utem wyczarowuje w pracowni, kt\u00f3ra znajduje si\u0119 w piwnicach jego bloku, na jednym z najwi\u0119kszych osiedli Nowego S\u0105cza. Jego rze\u017aby z Nowego S\u0105cza trafi\u0142y ju\u017c do Rosji, USA, Kanady, Meksyku, Brazyli, Australii, Japonii, Holandii, Niemiec, Francji i W\u0142och.<\/p>\n<!-- default-view.php -->\n<div\n\tclass=\"ngg-galleryoverview default-view \"\n\tid=\"ngg-gallery-2da31a1bc8eacb89c2e516acc83bef69-1\">\n\n\t\t<!-- Thumbnails -->\n\t\t\t\t<div id=\"ngg-image-0\" class=\"ngg-gallery-thumbnail-box \" >\n\t\t\t\t        <div class=\"ngg-gallery-thumbnail\">\n            <a href=\"http:\/\/artcentrum.org\/wp-content\/gallery\/molka\/212.JPG\"\n               title=\"\"\n               data-src=\"http:\/\/artcentrum.org\/wp-content\/gallery\/molka\/212.JPG\"\n               data-thumbnail=\"http:\/\/artcentrum.org\/wp-content\/gallery\/molka\/thumbs\/thumbs_212.JPG\"\n               data-image-id=\"15\"\n               data-title=\"212\"\n               data-description=\"\"\n               data-image-slug=\"212-5\"\n               class=\"ngg-simplelightbox\" rel=\"2da31a1bc8eacb89c2e516acc83bef69\">\n                <img\n                    title=\"212\"\n                    alt=\"212\"\n                    src=\"http:\/\/artcentrum.org\/wp-content\/gallery\/molka\/cache\/212.JPG-nggid0215-ngg0dyn-160x160x100-00f0w010c011r110f110r010t010.JPG\"\n                    width=\"160\"\n                    height=\"160\"\n                    style=\"max-width:100%;\"\n                \/>\n            <\/a>\n        <\/div>\n\t\t\t\t\t\t\t<\/div> \n\t\t\t\n\t\t\t\t<div id=\"ngg-image-1\" class=\"ngg-gallery-thumbnail-box \" >\n\t\t\t\t        <div class=\"ngg-gallery-thumbnail\">\n            <a href=\"http:\/\/artcentrum.org\/wp-content\/gallery\/molka\/210.JPG\"\n               title=\"\"\n               data-src=\"http:\/\/artcentrum.org\/wp-content\/gallery\/molka\/210.JPG\"\n               data-thumbnail=\"http:\/\/artcentrum.org\/wp-content\/gallery\/molka\/thumbs\/thumbs_210.JPG\"\n               data-image-id=\"16\"\n               data-title=\"210\"\n               data-description=\"\"\n               data-image-slug=\"210-5\"\n               class=\"ngg-simplelightbox\" rel=\"2da31a1bc8eacb89c2e516acc83bef69\">\n                <img\n                    title=\"210\"\n                    alt=\"210\"\n                    src=\"http:\/\/artcentrum.org\/wp-content\/gallery\/molka\/cache\/210.JPG-nggid0216-ngg0dyn-160x160x100-00f0w010c011r110f110r010t010.JPG\"\n                    width=\"160\"\n                    height=\"160\"\n                    style=\"max-width:100%;\"\n                \/>\n            <\/a>\n        <\/div>\n\t\t\t\t\t\t\t<\/div> \n\t\t\t\n\t\t\t\t<div id=\"ngg-image-2\" class=\"ngg-gallery-thumbnail-box \" >\n\t\t\t\t        <div class=\"ngg-gallery-thumbnail\">\n            <a href=\"http:\/\/artcentrum.org\/wp-content\/gallery\/molka\/208.jpg\"\n               title=\"\"\n               data-src=\"http:\/\/artcentrum.org\/wp-content\/gallery\/molka\/208.jpg\"\n               data-thumbnail=\"http:\/\/artcentrum.org\/wp-content\/gallery\/molka\/thumbs\/thumbs_208.jpg\"\n               data-image-id=\"17\"\n               data-title=\"208\"\n               data-description=\"\"\n               data-image-slug=\"208-5\"\n               class=\"ngg-simplelightbox\" rel=\"2da31a1bc8eacb89c2e516acc83bef69\">\n                <img\n                    title=\"208\"\n                    alt=\"208\"\n                    src=\"http:\/\/artcentrum.org\/wp-content\/gallery\/molka\/cache\/208.jpg-nggid0217-ngg0dyn-160x160x100-00f0w010c011r110f110r010t010.jpg\"\n                    width=\"160\"\n                    height=\"160\"\n                    style=\"max-width:100%;\"\n                \/>\n            <\/a>\n        <\/div>\n\t\t\t\t\t\t\t<\/div> \n\t\t\t\n\t\t\t\t<div id=\"ngg-image-3\" class=\"ngg-gallery-thumbnail-box \" >\n\t\t\t\t        <div class=\"ngg-gallery-thumbnail\">\n            <a href=\"http:\/\/artcentrum.org\/wp-content\/gallery\/molka\/209.JPG\"\n               title=\"\"\n               data-src=\"http:\/\/artcentrum.org\/wp-content\/gallery\/molka\/209.JPG\"\n               data-thumbnail=\"http:\/\/artcentrum.org\/wp-content\/gallery\/molka\/thumbs\/thumbs_209.JPG\"\n               data-image-id=\"18\"\n               data-title=\"209\"\n               data-description=\"\"\n               data-image-slug=\"209-5\"\n               class=\"ngg-simplelightbox\" rel=\"2da31a1bc8eacb89c2e516acc83bef69\">\n                <img\n                    title=\"209\"\n                    alt=\"209\"\n                    src=\"http:\/\/artcentrum.org\/wp-content\/gallery\/molka\/cache\/209.JPG-nggid0218-ngg0dyn-160x160x100-00f0w010c011r110f110r010t010.JPG\"\n                    width=\"160\"\n                    height=\"160\"\n                    style=\"max-width:100%;\"\n                \/>\n            <\/a>\n        <\/div>\n\t\t\t\t\t\t\t<\/div> \n\t\t\t\n\t\t\t\t<div id=\"ngg-image-4\" class=\"ngg-gallery-thumbnail-box \" >\n\t\t\t\t        <div class=\"ngg-gallery-thumbnail\">\n            <a href=\"http:\/\/artcentrum.org\/wp-content\/gallery\/molka\/214.JPG\"\n               title=\"\"\n               data-src=\"http:\/\/artcentrum.org\/wp-content\/gallery\/molka\/214.JPG\"\n               data-thumbnail=\"http:\/\/artcentrum.org\/wp-content\/gallery\/molka\/thumbs\/thumbs_214.JPG\"\n               data-image-id=\"19\"\n               data-title=\"214\"\n               data-description=\"\"\n               data-image-slug=\"214-5\"\n               class=\"ngg-simplelightbox\" rel=\"2da31a1bc8eacb89c2e516acc83bef69\">\n                <img\n                    title=\"214\"\n                    alt=\"214\"\n                    src=\"http:\/\/artcentrum.org\/wp-content\/gallery\/molka\/cache\/214.JPG-nggid0219-ngg0dyn-160x160x100-00f0w010c011r110f110r010t010.JPG\"\n                    width=\"160\"\n                    height=\"160\"\n                    style=\"max-width:100%;\"\n                \/>\n            <\/a>\n        <\/div>\n\t\t\t\t\t\t\t<\/div> \n\t\t\t\n\t\n\t<br style=\"clear: both\" \/>\n\n\t\n\t\t<!-- Pagination -->\n\t<div class='ngg-clear'><\/div>\t<\/div>\n\n","protected":false},"excerpt":{"rendered":"<p>Marian M\u00f3\u0142ka urodzi\u0142 si\u0119 w 1942 roku w Zabe\u0142czu pod Nowym S\u0105czem (dzisiaj jest to osiedle Nowego S\u0105cza). Rze\u017abi od 1980 roku, jednak jego zainteresowanie tw\u00f3rczo\u015bci\u0105 artystyczn\u0105 zrodzi\u0142o si\u0119 ju\u017c w dzieci\u0144stwie.&nbsp; Jak sam m\u00f3wi, nie m\u00f3g\u0142 w m\u0142odo\u015bci &nbsp;rozwija\u0107 swoich zainteresowa\u0144 w szkole artystycznej i koleje losu pokierowa\u0142y go w stron\u0119 gastronomii, w kt\u00f3rej [&hellip;]<\/p>\n","protected":false},"author":1,"featured_media":0,"parent":0,"menu_order":0,"comment_status":"closed","ping_status":"closed","template":"","meta":{"ngg_post_thumbnail":0},"_links":{"self":[{"href":"http:\/\/artcentrum.org\/index.php?rest_route=\/wp\/v2\/pages\/116"}],"collection":[{"href":"http:\/\/artcentrum.org\/index.php?rest_route=\/wp\/v2\/pages"}],"about":[{"href":"http:\/\/artcentrum.org\/index.php?rest_route=\/wp\/v2\/types\/page"}],"author":[{"embeddable":true,"href":"http:\/\/artcentrum.org\/index.php?rest_route=\/wp\/v2\/users\/1"}],"replies":[{"embeddable":true,"href":"http:\/\/artcentrum.org\/index.php?rest_route=%2Fwp%2Fv2%2Fcomments&post=116"}],"version-history":[{"count":17,"href":"http:\/\/artcentrum.org\/index.php?rest_route=\/wp\/v2\/pages\/116\/revisions"}],"predecessor-version":[{"id":1077,"href":"http:\/\/artcentrum.org\/index.php?rest_route=\/wp\/v2\/pages\/116\/revisions\/1077"}],"wp:attachment":[{"href":"http:\/\/artcentrum.org\/index.php?rest_route=%2Fwp%2Fv2%2Fmedia&parent=116"}],"curies":[{"name":"wp","href":"https:\/\/api.w.org\/{rel}","templated":true}]}}