{"id":114,"date":"2021-01-19T20:15:32","date_gmt":"2021-01-19T19:15:32","guid":{"rendered":"http:\/\/artcentrum.org\/?page_id=114"},"modified":"2021-04-10T15:59:06","modified_gmt":"2021-04-10T13:59:06","slug":"anna-padol","status":"publish","type":"page","link":"http:\/\/artcentrum.org\/?page_id=114","title":{"rendered":"Anna Pado\u0142"},"content":{"rendered":"<p style=\"text-align: justify;\">Anna Pado\u0142,&nbsp; urodzona 23 lipca 1953 r. w Nowym S\u0105czu, zmar\u0142a 5 sierpnia 2019 r., przegrywaj\u0105c nier\u00f3wn\u0105 walk\u0119 z chorob\u0105 nowotworow\u0105.&nbsp; By\u0142a jedn\u0105 z najbardziej znanych&nbsp; tw\u00f3rczy\u0144 ludowych na terenie S\u0105decczyzny. Anna Pado\u0142 zami\u0142owanie do tw\u00f3rczo\u015bci ludowej odziedziczy\u0142a po matce i dziadku, kt\u00f3rzy zajmowali si\u0119 bednarstwem. Sztuki rze\u017abiarskiej nauczy\u0142a si\u0119 od Stanis\u0142awa Por\u0119by \u2013 znanego paszy\u0144skiego rze\u017abiarza, u kt\u00f3rego wychowywa\u0142a si\u0119 jako dziecko. Wujek udziela\u0142 jej najdrobniejszych wskaz\u00f3wek, jakie wybiera\u0107 drewno, jak trzyma\u0107 d\u0142uto i no\u017cyk, jakie stosowa\u0107 farby. Sama te\u017c przygl\u0105da\u0142a si\u0119 jego rze\u017abom oraz pracom wykonywanym dawnej przez mieszka\u0144c\u00f3w wsi. Rze\u017abi\u0107 zacz\u0119\u0142a w 1977, zajmowa\u0142a si\u0119 r\u00f3wnie\u017c malarstwem na szkle.<\/p>\n<p style=\"text-align: justify;\">Przez lata wypracowa\u0142a sw\u00f3j w\u0142asny, niepowtarzalny styl. Jej prace wyr\u00f3\u017cniaj\u0105 si\u0119 archaiczno\u015bci\u0105, zwarta bry\u0142a, zaokr\u0105glone d\u0142onie postaci &nbsp;s\u0105 charakterystyczne dla jej prac rze\u017abiarskich Charakterystycznym motywem prac rze\u017abiarskich artystki s\u0105 wielkie, przymru\u017cone oczy z wyra\u017anym konturem dolnej powieki, spogl\u0105daj\u0105ce w d\u00f3\u0142. S\u0105 to najcz\u0119\u015bciej rze\u017aby o tematyce sakralnej, m. in.: \u015bwi\u0119ci, postacie i sceny biblijne, Jezus Frasobliwy, Piety.&nbsp;&nbsp; Pomys\u0142\u00f3w dostarcza\u0142a &nbsp;jej w\u0142asna wyobra\u017ania.&nbsp; &nbsp;Anna Pado\u0142 rze\u017abi\u0142a w drewnie lipowym, nast\u0119pnie pokrywa\u0142a swoje prace akrylem, czasem je lakierowa\u0142a.&nbsp; Rze\u017aby artystki zadziwiaj\u0105 swoj\u0105 jednolito\u015bci\u0105 i konsekwencj\u0105 stylistyczn\u0105. Kolorystyka tych dzie\u0142&nbsp;&nbsp; oddaje ich si\u0142\u0119 oraz autentyczno\u015b\u0107 prawdziwej radosnej sztuki.<\/p>\n<p style=\"text-align: justify;\">Artystka swoj\u0105 ponad trzydziestoletni\u0105 aktywno\u015bci\u0105 tw\u00f3rcz\u0105 wnios\u0142a bardzo&nbsp; istotny wk\u0142ad w rozw\u00f3j paszy\u0144skiego o\u015brodka sztuki ludowej, kt\u00f3ry na prze\u0142omie lat 70 i 80 zas\u0142yn\u0105 w ca\u0142ej Polsce jako wiod\u0105cy o\u015brodek rze\u017aby ludowej.<\/p>\n<p style=\"text-align: justify;\">By\u0142a tytanem pracy i skarbnic\u0105 wiedzy. Prowadzi\u0142a niezliczone ilo\u015bci warsztat\u00f3w tw\u00f3rczych. Przekazywa\u0142a nowemu pokoleniu technik\u0119 rze\u017abiarsk\u0105. Wychowa\u0142a nowe pokolenie rze\u017abiarzy, kt\u00f3re miejmy nadziej\u0119 b\u0119dzie kontynuowa\u0142o dzie\u0142o rze\u017aby ludowej na S\u0105decczy\u017anie. &nbsp;Ponad czterdziestoletnia dzia\u0142alno\u015b\u0107 artystyczna by\u0142a dla Anny Pado\u0142 sensem \u017cycia, w tw\u00f3rczo\u015bci odnajdowa\u0142a &nbsp;ukojenie i spok\u00f3j. Jej rze\u017aby emanuj\u0105 rado\u015bci\u0105, bo&nbsp; taka te\u017c by\u0142a Anna Pado\u0142. Pomimo wielu trosk w \u017cyciu osobistym zawsze by\u0142a radosna i pe\u0142na optymizmu.<\/p>\n<p style=\"text-align: justify;\">Anna Pado\u0142 nale\u017ca\u0142a do&nbsp; ambasador\u00f3w s\u0105deckiej sztuki ludowej w Polsce i Europie. Ze swoimi pracami je\u017adzi\u0142a po ca\u0142ej Polsce i wielu krajach Europy, promuj\u0105c sztuk\u0119 ludow\u0105. Dzi\u0119ki niej ta dziedzina artystyczna, jak\u017ce charakterystyczna dla S\u0105decczyzny &nbsp;jest rozpoznawalna i doceniana przez koneser\u00f3w na ca\u0142ym \u015bwiecie.<\/p>\n<p style=\"text-align: justify;\">Bardzo zabiega\u0142a o wsparcie dla tw\u00f3rc\u00f3w, organizowa\u0142a wsp\u00f3lne wyjazdy na wystawy do Muzeum Etnograficznego w Warszawie, na Cepeliad\u0119 do Krakowa, Lipnicy Wielkiej, \u017bywca oraz na wiele jarmark\u00f3w w Polsce i za granic\u0105. S\u0142u\u017cy\u0142a pomoc\u0105 innym, organizowa\u0142a zbi\u00f3rki dla potrzebuj\u0105cych tw\u00f3rc\u00f3w, kt\u00f3rzy upadali na zdrowiu. Utrzymywa\u0142a kontakty z kolekcjonerami, kt\u00f3rych oprowadza\u0142a po tw\u00f3rcach paszy\u0144skich.<\/p>\n<p style=\"text-align: justify;\">Prace tej paszy\u0144skiej tw\u00f3rczyni znajduj\u0105 si\u0119 w wielu muzeach i regionalnych o\u015brodkach sztuki ludowej w kraju jak i zagranic\u0105.&nbsp; S\u0105 sta\u0142ym elementem kolekcji w muzeach: w Nowym S\u0105czu, Warszawie, Krakowie, Lublinie, \u0141odzi, Kielcach, Katowicach, Paszynie a r\u00f3wnie\u017c w wielu kolekcjach prywatnych.&nbsp; Najwi\u0119cej rze\u017ab Anny Pado\u0142 znajduje si\u0119 w prywatnych kolekcjach Moniki Fikiel- Szkar\u0142at oraz Zygmunta Berdychowskiego.&nbsp; Poprzez czynny udzia\u0142 w konkursach i wystawach jest zdobywczyni\u0105 wielu nagr\u00f3d i wyr\u00f3\u017cnie\u0144. Od lat siedemdziesi\u0105tych jej prace mo\u017cna podziwia\u0107 na rozmaitych kiermaszach, targach, prezentacjach sztuki ludowej, kt\u00f3re odbywa\u0142y si\u0119 w Nowym S\u0105czu, Krakowie, Warszawie, Kazimierzu nad Wis\u0142\u0105, Lublinie, \u0141odzi, Katowicach, Kielcach oraz we Wroc\u0142awiu.<\/p>\n<p style=\"text-align: justify;\">W 2009 rok&nbsp; u uzyska\u0142a stypendium Ministra Kultury i Dziedzictwa Narodowego.&nbsp; 28 maja 2014 roku,&nbsp; podczas XIV Krajowego Zjazdu Stowarzyszenia Tw\u00f3rc\u00f3w Ludowych, zosta\u0142a odznaczona przez Prezydenta Rzeczypospolitej Srebrnym Krzy\u017cem Zas\u0142ugi.&nbsp;&nbsp;Otrzyma\u0142a te\u017c niezliczone dyplomy uznania i podzi\u0119kowania&nbsp; od organizator\u00f3w&nbsp; upowszechniania kultury ludowej w ca\u0142ej Polsce (m.in. wyr\u00f3\u017cnienie w Konkursie \u201eCzarna Madonna w Tw\u00f3rczo\u015bci Ludowej i Amatorskiej\u201d, Rabka 1983; wyr\u00f3\u017cnienie w Og\u00f3lnopolskim&nbsp; Konkursie Sztuki Ludowej \u201eOjczyzna\u201d, Lublin&nbsp; 1984; wyr\u00f3\u017cnienie w Og\u00f3lnopolskim Konkursie \u201eDiab\u0142y w Rze\u017abie ludowej\u201d, 1987;&nbsp; III miejsce w Wojew\u00f3dzkim Konkursie pt. \u201eMadonna w sztuce ludowej\u201d, My\u015blenice 2001)<\/p>\n<p style=\"text-align: justify;\">Dzie\u0142a&nbsp; Anny Pado\u0142 by\u0142y prezentowane na wielu wystawach w Polsce i za granic\u0105 zar\u00f3wno indywidualnych, jak i zbiorowych. Najwa\u017cniejsze z nich to:&nbsp; \u201eJesie\u0144 Tatrza\u0144ska\u201d \u2013 Zakopane 1980; Galerie fur Polnische Volkskunst \u2013 Wittstedt 1981; I Biennale Wsp\u00f3\u0142czesnej Sztuki Ludowej Wojew\u00f3dztwa Nowos\u0105deckiego \u2013 Nowy S\u0105cz 1981; Wystawa na XVII, XIX, XX&nbsp; Og\u00f3lnopolskim Festiwalu Kapel i \u015apiewak\u00f3w Ludowych \u2013 Kazimierz Dolny&nbsp; 1983, 1985, 1986; Cepeliada \u2013 Warszawa 1983; Galerie AlteSchule \u2013 Niemcy,&nbsp; Wittstedt 1993; II Biennale Wsp\u00f3\u0142czesnej Tw\u00f3rczo\u015bci Ludowej Wojew\u00f3dztwa Nowos\u0105deckiego \u2013 Nowy S\u0105cz 1993; &nbsp;Udzia\u0142 prac w V Aukcji Wielkiego Serca, 1996;&nbsp; Obornicki Salonik Czech Muz, 2003; Liczne wystawy w Ko\u015bciele pw. MBNP w Paszynie; Targi Sztuki Ludowej \u2013 \u017bywiec 2005, 2007; Galeria Korozja i kolor \u2013 Wo\u0142omin 2006; Wystawa \u201eOd \u015bw. Miko\u0142aja do Trzech Kr\u00f3li\u201d \u2013 Bielsko-Bia\u0142a 2007;&nbsp; Targi Sztuki Ludowej \u2013 45 tydzie\u0144 Kultury Beskidzkiej, \u017bywiec 2008; Wystawa&nbsp; Nasz Papie\u017c, Wizerunki Jana Paw\u0142a II w tw\u00f3rczo\u015bci ludowej, Muzeum Etnograficzne w Tarnowie, Tarn\u00f3w 2014 (podczas tej wystawy prezentowane by\u0142y r\u00f3wnie\u017c prace Mistrza Anny Pado\u0142 \u2013 Stanis\u0142awa Por\u0119by); Wystawy Tw\u00f3rc\u00f3w Ludowych podczas Zjazd\u00f3w S\u0105deczan, Stary S\u0105cz 2013- 2019;&nbsp; Wystawa tw\u00f3rc\u00f3w nieprofesjonalnych SKT S\u0105deczanin,&nbsp; MCK Sok\u00f3\u0142 Nowy S\u0105cz 2014; Wystawa&nbsp; Bo\u017conarodzeniowa&nbsp; SKT S\u0105deczanin \u201eHej Kol\u0119da, Kol\u0119da\u201d, Nowy S\u0105cz 2014; &nbsp;Wystawa \u201e\u015awi\u0119ci Pa\u0144scy w sztuce ludowej\u201d \u2013 Folk Art Gallery 2015; Wystawa \u201eM\u0119ka \u015amier\u0107 i Zmartwychwstanie Chrystusa w sztuce ludowej &#8211;&nbsp; Folk Art Gallery 2017.<\/p>\n<p style=\"text-align: justify;\">Anna Pado\u0142 by\u0142a cz\u0142onkiem Stowarzyszenie Tw\u00f3rc\u00f3w Ludowym oraz cz\u0142onkiem Zarz\u0105du Spo\u0142eczno \u2013 Kulturalnego Towarzystwa \u201eS\u0105deczanin\u201d.<\/p>\n<!-- default-view.php -->\n<div\n\tclass=\"ngg-galleryoverview default-view \"\n\tid=\"ngg-gallery-7943d2143c1c41534b9c2aa765c50002-1\">\n\n\t\t<!-- Thumbnails -->\n\t\t\t\t<div id=\"ngg-image-0\" class=\"ngg-gallery-thumbnail-box \" >\n\t\t\t\t        <div class=\"ngg-gallery-thumbnail\">\n            <a href=\"http:\/\/artcentrum.org\/wp-content\/gallery\/padol\/201.JPG\"\n               title=\"Anna Pado\u0142 otrzymuje Srebrny Krzy\u017c Zas\u0142ugi podczas XIV Krajowego Zjazdu Stowarzyszenia Tw\u00f3rc\u00f3w Ludowych w Lublinie.\"\n               data-src=\"http:\/\/artcentrum.org\/wp-content\/gallery\/padol\/201.JPG\"\n               data-thumbnail=\"http:\/\/artcentrum.org\/wp-content\/gallery\/padol\/thumbs\/thumbs_201.JPG\"\n               data-image-id=\"32\"\n               data-title=\"201\"\n               data-description=\"Anna Pado\u0142 otrzymuje Srebrny Krzy\u017c Zas\u0142ugi podczas XIV Krajowego Zjazdu Stowarzyszenia Tw\u00f3rc\u00f3w Ludowych w Lublinie.\"\n               data-image-slug=\"201\"\n               class=\"ngg-simplelightbox\" rel=\"7943d2143c1c41534b9c2aa765c50002\">\n                <img\n                    title=\"201\"\n                    alt=\"201\"\n                    src=\"http:\/\/artcentrum.org\/wp-content\/gallery\/padol\/cache\/201.JPG-nggid0232-ngg0dyn-160x160x100-00f0w010c010r110f110r010t010.JPG\"\n                    width=\"160\"\n                    height=\"120\"\n                    style=\"max-width:100%;\"\n                \/>\n            <\/a>\n        <\/div>\n\t\t\t\t\t\t\t<\/div> \n\t\t\t\n\t\t\t\t<div id=\"ngg-image-1\" class=\"ngg-gallery-thumbnail-box \" >\n\t\t\t\t        <div class=\"ngg-gallery-thumbnail\">\n            <a href=\"http:\/\/artcentrum.org\/wp-content\/gallery\/padol\/203.JPG\"\n               title=\"Anna Pado\u0142 z rze\u017ab\u0105 Ostatnia Wieczerza, Folk Art Gallery.\"\n               data-src=\"http:\/\/artcentrum.org\/wp-content\/gallery\/padol\/203.JPG\"\n               data-thumbnail=\"http:\/\/artcentrum.org\/wp-content\/gallery\/padol\/thumbs\/thumbs_203.JPG\"\n               data-image-id=\"33\"\n               data-title=\"203\"\n               data-description=\"Anna Pado\u0142 z rze\u017ab\u0105 Ostatnia Wieczerza, Folk Art Gallery.\"\n               data-image-slug=\"203\"\n               class=\"ngg-simplelightbox\" rel=\"7943d2143c1c41534b9c2aa765c50002\">\n                <img\n                    title=\"203\"\n                    alt=\"203\"\n                    src=\"http:\/\/artcentrum.org\/wp-content\/gallery\/padol\/cache\/203.JPG-nggid0233-ngg0dyn-160x160x100-00f0w010c010r110f110r010t010.JPG\"\n                    width=\"160\"\n                    height=\"120\"\n                    style=\"max-width:100%;\"\n                \/>\n            <\/a>\n        <\/div>\n\t\t\t\t\t\t\t<\/div> \n\t\t\t\n\t\t\t\t<div id=\"ngg-image-2\" class=\"ngg-gallery-thumbnail-box \" >\n\t\t\t\t        <div class=\"ngg-gallery-thumbnail\">\n            <a href=\"http:\/\/artcentrum.org\/wp-content\/gallery\/padol\/202.JPG\"\n               title=\"Krajowy Zjazd Stowarzyszenia Tw\u00f3rc\u00f3w Ludowych w Lublinie \u2013 28 maja 2014r. Od lewej: Waldemar Majcher (prezes STL), Anna Pado\u0142, Monika Fikiel \u2013 Szkar\u0142at (opiekun S\u0105decko \u2013 Lachowskiego Oddzia\u0142u STL), Magdalena Ci\u0119ciwa (prezes  S\u0105decko \u2013 Lachowskiego Oddzia\u0142u STL).\"\n               data-src=\"http:\/\/artcentrum.org\/wp-content\/gallery\/padol\/202.JPG\"\n               data-thumbnail=\"http:\/\/artcentrum.org\/wp-content\/gallery\/padol\/thumbs\/thumbs_202.JPG\"\n               data-image-id=\"34\"\n               data-title=\"202\"\n               data-description=\"Krajowy Zjazd Stowarzyszenia Tw\u00f3rc\u00f3w Ludowych w Lublinie \u2013 28 maja 2014r. Od lewej: Waldemar Majcher (prezes STL), Anna Pado\u0142, Monika Fikiel \u2013 Szkar\u0142at (opiekun S\u0105decko \u2013 Lachowskiego Oddzia\u0142u STL), Magdalena Ci\u0119ciwa (prezes  S\u0105decko \u2013 Lachowskiego Oddzia\u0142u STL).\"\n               data-image-slug=\"202\"\n               class=\"ngg-simplelightbox\" rel=\"7943d2143c1c41534b9c2aa765c50002\">\n                <img\n                    title=\"202\"\n                    alt=\"202\"\n                    src=\"http:\/\/artcentrum.org\/wp-content\/gallery\/padol\/cache\/202.JPG-nggid0234-ngg0dyn-160x160x100-00f0w010c010r110f110r010t010.JPG\"\n                    width=\"160\"\n                    height=\"120\"\n                    style=\"max-width:100%;\"\n                \/>\n            <\/a>\n        <\/div>\n\t\t\t\t\t\t\t<\/div> \n\t\t\t\n\t\t\t\t<div id=\"ngg-image-3\" class=\"ngg-gallery-thumbnail-box \" >\n\t\t\t\t        <div class=\"ngg-gallery-thumbnail\">\n            <a href=\"http:\/\/artcentrum.org\/wp-content\/gallery\/padol\/Anna-Padol-Wygnanie-z-Raju.-SWDiM.png\"\n               title=\"Anna Pado\u0142 - &quot;Wygnanie z Raju&quot;\"\n               data-src=\"http:\/\/artcentrum.org\/wp-content\/gallery\/padol\/Anna-Padol-Wygnanie-z-Raju.-SWDiM.png\"\n               data-thumbnail=\"http:\/\/artcentrum.org\/wp-content\/gallery\/padol\/thumbs\/thumbs_Anna-Padol-Wygnanie-z-Raju.-SWDiM.png\"\n               data-image-id=\"631\"\n               data-title=\"Anna-Padol-Wygnanie-z-Raju.-SWDiM\"\n               data-description=\"Anna Pado\u0142 - &quot;Wygnanie z Raju&quot;\"\n               data-image-slug=\"anna-padol-wygnanie-z-raju-swdim\"\n               class=\"ngg-simplelightbox\" rel=\"7943d2143c1c41534b9c2aa765c50002\">\n                <img\n                    title=\"Anna-Padol-Wygnanie-z-Raju.-SWDiM\"\n                    alt=\"Anna-Padol-Wygnanie-z-Raju.-SWDiM\"\n                    src=\"http:\/\/artcentrum.org\/wp-content\/gallery\/padol\/cache\/Anna-Padol-Wygnanie-z-Raju.-SWDiM.png-nggid03631-ngg0dyn-160x160x100-00f0w010c010r110f110r010t010.png\"\n                    width=\"120\"\n                    height=\"160\"\n                    style=\"max-width:100%;\"\n                \/>\n            <\/a>\n        <\/div>\n\t\t\t\t\t\t\t<\/div> \n\t\t\t\n\t\t\t\t<div id=\"ngg-image-4\" class=\"ngg-gallery-thumbnail-box \" >\n\t\t\t\t        <div class=\"ngg-gallery-thumbnail\">\n            <a href=\"http:\/\/artcentrum.org\/wp-content\/gallery\/padol\/Anna-Padol-Zniwa.-SWDiM.png\"\n               title=\"Anna Pado\u0142 - &quot;\u017bniwa&quot;\"\n               data-src=\"http:\/\/artcentrum.org\/wp-content\/gallery\/padol\/Anna-Padol-Zniwa.-SWDiM.png\"\n               data-thumbnail=\"http:\/\/artcentrum.org\/wp-content\/gallery\/padol\/thumbs\/thumbs_Anna-Padol-Zniwa.-SWDiM.png\"\n               data-image-id=\"632\"\n               data-title=\"Anna-Padol-Zniwa.-SWDiM\"\n               data-description=\"Anna Pado\u0142 - &quot;\u017bniwa&quot;\"\n               data-image-slug=\"anna-padol-zniwa-swdim\"\n               class=\"ngg-simplelightbox\" rel=\"7943d2143c1c41534b9c2aa765c50002\">\n                <img\n                    title=\"Anna-Padol-Zniwa.-SWDiM\"\n                    alt=\"Anna-Padol-Zniwa.-SWDiM\"\n                    src=\"http:\/\/artcentrum.org\/wp-content\/gallery\/padol\/cache\/Anna-Padol-Zniwa.-SWDiM.png-nggid03632-ngg0dyn-160x160x100-00f0w010c010r110f110r010t010.png\"\n                    width=\"120\"\n                    height=\"160\"\n                    style=\"max-width:100%;\"\n                \/>\n            <\/a>\n        <\/div>\n\t\t\t\t\t\t\t<\/div> \n\t\t\t\n\t\t\t\t<div id=\"ngg-image-5\" class=\"ngg-gallery-thumbnail-box \" >\n\t\t\t\t        <div class=\"ngg-gallery-thumbnail\">\n            <a href=\"http:\/\/artcentrum.org\/wp-content\/gallery\/padol\/Anna-Padol-Swiety-Piotr.-SWDiM.png\"\n               title=\"Anna Pado\u0142 - &quot;\u015awi\u0119ty Piotr&quot;\"\n               data-src=\"http:\/\/artcentrum.org\/wp-content\/gallery\/padol\/Anna-Padol-Swiety-Piotr.-SWDiM.png\"\n               data-thumbnail=\"http:\/\/artcentrum.org\/wp-content\/gallery\/padol\/thumbs\/thumbs_Anna-Padol-Swiety-Piotr.-SWDiM.png\"\n               data-image-id=\"633\"\n               data-title=\"Anna-Padol-Swiety-Piotr.-SWDiM\"\n               data-description=\"Anna Pado\u0142 - &quot;\u015awi\u0119ty Piotr&quot;\"\n               data-image-slug=\"anna-padol-swiety-piotr-swdim\"\n               class=\"ngg-simplelightbox\" rel=\"7943d2143c1c41534b9c2aa765c50002\">\n                <img\n                    title=\"Anna-Padol-Swiety-Piotr.-SWDiM\"\n                    alt=\"Anna-Padol-Swiety-Piotr.-SWDiM\"\n                    src=\"http:\/\/artcentrum.org\/wp-content\/gallery\/padol\/cache\/Anna-Padol-Swiety-Piotr.-SWDiM.png-nggid03633-ngg0dyn-160x160x100-00f0w010c010r110f110r010t010.png\"\n                    width=\"120\"\n                    height=\"160\"\n                    style=\"max-width:100%;\"\n                \/>\n            <\/a>\n        <\/div>\n\t\t\t\t\t\t\t<\/div> \n\t\t\t\n\t\t\t\t<div id=\"ngg-image-6\" class=\"ngg-gallery-thumbnail-box \" >\n\t\t\t\t        <div class=\"ngg-gallery-thumbnail\">\n            <a href=\"http:\/\/artcentrum.org\/wp-content\/gallery\/padol\/Anna-Padol-Zdjecie-z-Krzyza.-SWDiM.png\"\n               title=\"Anna Pado\u0142 - &quot;Zdj\u0119cie z krzy\u017ca&quot;\"\n               data-src=\"http:\/\/artcentrum.org\/wp-content\/gallery\/padol\/Anna-Padol-Zdjecie-z-Krzyza.-SWDiM.png\"\n               data-thumbnail=\"http:\/\/artcentrum.org\/wp-content\/gallery\/padol\/thumbs\/thumbs_Anna-Padol-Zdjecie-z-Krzyza.-SWDiM.png\"\n               data-image-id=\"634\"\n               data-title=\"Anna-Padol-Zdjecie-z-Krzyza.-SWDiM\"\n               data-description=\"Anna Pado\u0142 - &quot;Zdj\u0119cie z krzy\u017ca&quot;\"\n               data-image-slug=\"anna-padol-zdjecie-z-krzyza-swdim\"\n               class=\"ngg-simplelightbox\" rel=\"7943d2143c1c41534b9c2aa765c50002\">\n                <img\n                    title=\"Anna-Padol-Zdjecie-z-Krzyza.-SWDiM\"\n                    alt=\"Anna-Padol-Zdjecie-z-Krzyza.-SWDiM\"\n                    src=\"http:\/\/artcentrum.org\/wp-content\/gallery\/padol\/cache\/Anna-Padol-Zdjecie-z-Krzyza.-SWDiM.png-nggid03634-ngg0dyn-160x160x100-00f0w010c010r110f110r010t010.png\"\n                    width=\"120\"\n                    height=\"160\"\n                    style=\"max-width:100%;\"\n                \/>\n            <\/a>\n        <\/div>\n\t\t\t\t\t\t\t<\/div> \n\t\t\t\n\t\t\t\t<div id=\"ngg-image-7\" class=\"ngg-gallery-thumbnail-box \" >\n\t\t\t\t        <div class=\"ngg-gallery-thumbnail\">\n            <a href=\"http:\/\/artcentrum.org\/wp-content\/gallery\/padol\/Anna-Padol-Swiety-Jerzy.-SWDiM.png\"\n               title=\"Anna Pado\u0142 - &quot;\u015awi\u0119ty Jerzy&quot;\"\n               data-src=\"http:\/\/artcentrum.org\/wp-content\/gallery\/padol\/Anna-Padol-Swiety-Jerzy.-SWDiM.png\"\n               data-thumbnail=\"http:\/\/artcentrum.org\/wp-content\/gallery\/padol\/thumbs\/thumbs_Anna-Padol-Swiety-Jerzy.-SWDiM.png\"\n               data-image-id=\"635\"\n               data-title=\"Anna-Padol-Swiety-Jerzy.-SWDiM\"\n               data-description=\"Anna Pado\u0142 - &quot;\u015awi\u0119ty Jerzy&quot;\"\n               data-image-slug=\"anna-padol-swiety-jerzy-swdim\"\n               class=\"ngg-simplelightbox\" rel=\"7943d2143c1c41534b9c2aa765c50002\">\n                <img\n                    title=\"Anna-Padol-Swiety-Jerzy.-SWDiM\"\n                    alt=\"Anna-Padol-Swiety-Jerzy.-SWDiM\"\n                    src=\"http:\/\/artcentrum.org\/wp-content\/gallery\/padol\/cache\/Anna-Padol-Swiety-Jerzy.-SWDiM.png-nggid03635-ngg0dyn-160x160x100-00f0w010c010r110f110r010t010.png\"\n                    width=\"120\"\n                    height=\"160\"\n                    style=\"max-width:100%;\"\n                \/>\n            <\/a>\n        <\/div>\n\t\t\t\t\t\t\t<\/div> \n\t\t\t\n\t\n\t<br style=\"clear: both\" \/>\n\n\t\n\t\t<!-- Pagination -->\n\t<div class='ngg-clear'><\/div>\t<\/div>\n\n","protected":false},"excerpt":{"rendered":"<p>Anna Pado\u0142,&nbsp; urodzona 23 lipca 1953 r. w Nowym S\u0105czu, zmar\u0142a 5 sierpnia 2019 r., przegrywaj\u0105c nier\u00f3wn\u0105 walk\u0119 z chorob\u0105 nowotworow\u0105.&nbsp; By\u0142a jedn\u0105 z najbardziej znanych&nbsp; tw\u00f3rczy\u0144 ludowych na terenie S\u0105decczyzny. Anna Pado\u0142 zami\u0142owanie do tw\u00f3rczo\u015bci ludowej odziedziczy\u0142a po matce i dziadku, kt\u00f3rzy zajmowali si\u0119 bednarstwem. Sztuki rze\u017abiarskiej nauczy\u0142a si\u0119 od Stanis\u0142awa Por\u0119by \u2013 znanego [&hellip;]<\/p>\n","protected":false},"author":1,"featured_media":304,"parent":0,"menu_order":0,"comment_status":"closed","ping_status":"closed","template":"","meta":{"ngg_post_thumbnail":0},"_links":{"self":[{"href":"http:\/\/artcentrum.org\/index.php?rest_route=\/wp\/v2\/pages\/114"}],"collection":[{"href":"http:\/\/artcentrum.org\/index.php?rest_route=\/wp\/v2\/pages"}],"about":[{"href":"http:\/\/artcentrum.org\/index.php?rest_route=\/wp\/v2\/types\/page"}],"author":[{"embeddable":true,"href":"http:\/\/artcentrum.org\/index.php?rest_route=\/wp\/v2\/users\/1"}],"replies":[{"embeddable":true,"href":"http:\/\/artcentrum.org\/index.php?rest_route=%2Fwp%2Fv2%2Fcomments&post=114"}],"version-history":[{"count":13,"href":"http:\/\/artcentrum.org\/index.php?rest_route=\/wp\/v2\/pages\/114\/revisions"}],"predecessor-version":[{"id":1075,"href":"http:\/\/artcentrum.org\/index.php?rest_route=\/wp\/v2\/pages\/114\/revisions\/1075"}],"wp:featuredmedia":[{"embeddable":true,"href":"http:\/\/artcentrum.org\/index.php?rest_route=\/wp\/v2\/media\/304"}],"wp:attachment":[{"href":"http:\/\/artcentrum.org\/index.php?rest_route=%2Fwp%2Fv2%2Fmedia&parent=114"}],"curies":[{"name":"wp","href":"https:\/\/api.w.org\/{rel}","templated":true}]}}